{"id":16,"date":"2023-11-24T09:49:56","date_gmt":"2023-11-24T09:49:56","guid":{"rendered":"https:\/\/www.alfrescostays.com\/blog\/?page_id=16"},"modified":"2025-10-27T16:19:16","modified_gmt":"2025-10-27T16:19:16","slug":"blog","status":"publish","type":"page","link":"https:\/\/www.alfrescostays.com\/blog\/","title":{"rendered":"Vacaciones en la Costa del Sol"},"content":{"rendered":"\t\t<div data-elementor-type=\"wp-page\" data-elementor-id=\"16\" class=\"elementor elementor-16\" data-elementor-post-type=\"page\">\n\t\t\t\t<div class=\"elementor-element elementor-element-7719d29 e-flex e-con-boxed e-con e-parent\" data-id=\"7719d29\" data-element_type=\"container\" data-e-type=\"container\">\n\t\t\t\t\t<div class=\"e-con-inner\">\n\t\t\t\t<div class=\"elementor-element elementor-element-ed6b653 elementor-widget elementor-widget-theme-post-featured-image elementor-widget-image\" data-id=\"ed6b653\" data-element_type=\"widget\" data-e-type=\"widget\" data-widget_type=\"theme-post-featured-image.default\">\n\t\t\t\t<div class=\"elementor-widget-container\">\n\t\t\t\t\t\t\t\t\t\t\t\t\t\t\t<img decoding=\"async\" src=\"https:\/\/www.alfrescostays.com\/blog\/wp-content\/uploads\/elementor\/thumbs\/header-2-r0ribb22txw32up4sumg41y8mi33s3pwqqb938j820.jpg\" title=\"header\" alt=\"guia turistica costa del sol\" loading=\"lazy\" \/>\t\t\t\t\t\t\t\t\t\t\t\t\t\t\t<\/div>\n\t\t\t\t<\/div>\n\t\t\t\t\t<\/div>\n\t\t\t\t<\/div>\n\t\t<div class=\"elementor-element elementor-element-19d2b70 e-flex e-con-boxed e-con e-parent\" data-id=\"19d2b70\" data-element_type=\"container\" data-e-type=\"container\">\n\t\t\t\t\t<div class=\"e-con-inner\">\n\t\t\t\t<div class=\"elementor-element elementor-element-bce56a1 elementor-widget elementor-widget-heading\" data-id=\"bce56a1\" data-element_type=\"widget\" data-e-type=\"widget\" data-widget_type=\"heading.default\">\n\t\t\t\t<div class=\"elementor-widget-container\">\n\t\t\t\t\t<h1 class=\"elementor-heading-title elementor-size-default\">Descubre la Costa del Sol y las mejores experiencias de M\u00e1laga<\/h1>\t\t\t\t<\/div>\n\t\t\t\t<\/div>\n\t\t\t\t<div class=\"elementor-element elementor-element-e301651 elementor-widget elementor-widget-text-editor\" data-id=\"e301651\" data-element_type=\"widget\" data-e-type=\"widget\" data-widget_type=\"text-editor.default\">\n\t\t\t\t<div class=\"elementor-widget-container\">\n\t\t\t\t\t\t\t\t\t<div class=\"w-full text-token-text-primary\" data-testid=\"conversation-turn-26\"><div class=\"px-4 py-2 justify-center text-base md:gap-6 m-auto\"><div class=\"flex flex-1 text-base mx-auto gap-3 md:px-5 lg:px-1 xl:px-5 md:max-w-3xl lg:max-w-[40rem] xl:max-w-[48rem] } group\"><div class=\"relative flex w-full flex-col lg:w-[calc(100%-115px)]\"><div class=\"flex-col gap-1 md:gap-3\"><div class=\"flex flex-grow flex-col max-w-full\"><div class=\"min-h-[20px] text-message flex flex-col items-start gap-3 whitespace-pre-wrap break-words [.text-message+&amp;]:mt-5 overflow-x-auto\" data-message-author-role=\"user\" data-message-id=\"aaa2db81-2cfb-458a-810d-7f14d5e50ac2\"><div class=\"\"><div class=\"w-full text-token-text-primary sm:AIPRM__conversation__response\" data-testid=\"conversation-turn-27\"><div class=\"px-4 py-2 justify-center text-base md:gap-6 m-auto\"><div class=\"flex flex-1 text-base mx-auto gap-3 md:px-5 lg:px-1 xl:px-5 md:max-w-3xl lg:max-w-[40rem] xl:max-w-[48rem] } group\"><div class=\"relative flex w-full flex-col lg:w-[calc(100%-115px)] agent-turn\"><div class=\"flex-col gap-1 md:gap-3\"><div class=\"flex flex-grow flex-col max-w-full\"><div class=\"min-h-[20px] text-message flex flex-col items-start gap-3 whitespace-pre-wrap break-words [.text-message+&amp;]:mt-5 overflow-x-auto\" data-message-author-role=\"assistant\" data-message-id=\"ac6e6e4f-68eb-4aea-b402-8f9445f38975\"><div class=\"markdown prose w-full break-words dark:prose-invert light AIPRM__conversation__response\"><div class=\"w-full text-token-text-primary\" data-testid=\"conversation-turn-26\"><div class=\"px-4 py-2 justify-center text-base md:gap-6 m-auto\"><div class=\"flex flex-1 text-base mx-auto gap-3 md:px-5 lg:px-1 xl:px-5 md:max-w-3xl lg:max-w-[40rem] xl:max-w-[48rem] } group\"><div class=\"relative flex w-full flex-col lg:w-[calc(100%-115px)]\"><div class=\"flex-col gap-1 md:gap-3\"><div class=\"flex flex-grow flex-col max-w-full\"><div class=\"min-h-[20px] text-message flex flex-col items-start gap-3 whitespace-pre-wrap break-words [.text-message+&amp;]:mt-5 overflow-x-auto\" data-message-author-role=\"user\" data-message-id=\"aaa2db81-2cfb-458a-810d-7f14d5e50ac2\"><div class=\"\">Explora la Costa del Sol a trav\u00e9s de nuestro blog de viajes, un destino vacacional lleno de experiencias. Descubre <strong>c\u00f3mo vivir unas vacaciones en la Costa del Sol<\/strong> en diferentes destinos como Mijas Costa, Benalm\u00e1dena, Fuengirola y otra m\u00e1s. Un lugar en el que poder disfrutar de cientos de aventuras para todos, desde festivales para grupos de amigos hasta vacaciones en familia en alojamientos con piscina.\u00a0<\/div><\/div><\/div><\/div><\/div><\/div><\/div><\/div><\/div><\/div><\/div><\/div><\/div><\/div><\/div><\/div><\/div><\/div><\/div><\/div><\/div><\/div><\/div><\/div>\t\t\t\t\t\t\t\t<\/div>\n\t\t\t\t<\/div>\n\t\t\t\t\t<\/div>\n\t\t\t\t<\/div>\n\t\t<div class=\"elementor-element elementor-element-fa83080 e-flex e-con-boxed e-con e-parent\" data-id=\"fa83080\" data-element_type=\"container\" data-e-type=\"container\">\n\t\t\t\t\t<div class=\"e-con-inner\">\n\t\t\t\t<div class=\"elementor-element elementor-element-4a215e1 elementor-widget__width-initial elementor-hidden-mobile elementor-widget elementor-widget-search\" data-id=\"4a215e1\" data-element_type=\"widget\" data-e-type=\"widget\" data-settings=\"{&quot;submit_trigger&quot;:&quot;click_submit&quot;,&quot;pagination_type_options&quot;:&quot;none&quot;}\" data-widget_type=\"search.default\">\n\t\t\t\t<div class=\"elementor-widget-container\">\n\t\t\t\t\t\t\t<search class=\"e-search hidden\" role=\"search\">\n\t\t\t<form class=\"e-search-form\" action=\"https:\/\/www.alfrescostays.com\/blog\" method=\"get\">\n\n\t\t\t\t\n\t\t\t\t<label class=\"e-search-label\" for=\"search-4a215e1\">\n\t\t\t\t\t<span class=\"elementor-screen-only\">\n\t\t\t\t\t\tBuscar\t\t\t\t\t<\/span>\n\t\t\t\t\t\t\t\t\t<\/label>\n\n\t\t\t\t<div class=\"e-search-input-wrapper\">\n\t\t\t\t\t<input id=\"search-4a215e1\" placeholder=\"\u00bfQu\u00e9 est\u00e1s buscando?\" class=\"e-search-input\" type=\"search\" name=\"s\" value=\"\" autocomplete=\"off\" role=\"combobox\" aria-autocomplete=\"list\" aria-expanded=\"false\" aria-controls=\"results-4a215e1\" aria-haspopup=\"listbox\">\n\t\t\t\t\t<svg aria-hidden=\"true\" class=\"e-font-icon-svg e-fas-times\" viewBox=\"0 0 352 512\" xmlns=\"http:\/\/www.w3.org\/2000\/svg\"><path d=\"M242.72 256l100.07-100.07c12.28-12.28 12.28-32.19 0-44.48l-22.24-22.24c-12.28-12.28-32.19-12.28-44.48 0L176 189.28 75.93 89.21c-12.28-12.28-32.19-12.28-44.48 0L9.21 111.45c-12.28 12.28-12.28 32.19 0 44.48L109.28 256 9.21 356.07c-12.28 12.28-12.28 32.19 0 44.48l22.24 22.24c12.28 12.28 32.2 12.28 44.48 0L176 322.72l100.07 100.07c12.28 12.28 32.2 12.28 44.48 0l22.24-22.24c12.28-12.28 12.28-32.19 0-44.48L242.72 256z\"><\/path><\/svg>\t\t\t\t\t\t\t\t\t\t<output id=\"results-4a215e1\" class=\"e-search-results-container hide-loader\" aria-live=\"polite\" aria-atomic=\"true\" aria-label=\"Resultados de b\u00fasqueda\" tabindex=\"0\">\n\t\t\t\t\t\t<div class=\"e-search-results\"><\/div>\n\t\t\t\t\t\t\t\t\t\t\t<\/output>\n\t\t\t\t\t\t\t\t\t<\/div>\n\t\t\t\t\n\t\t\t\t\n\t\t\t\t<button class=\"e-search-submit  \" type=\"submit\">\n\t\t\t\t\t\n\t\t\t\t\t\t\t\t\t\t<span class=\"\">\n\t\t\t\t\t\tBuscar\t\t\t\t\t<\/span>\n\t\t\t\t\t\t\t\t\t<\/button>\n\t\t\t\t<input type=\"hidden\" name=\"e_search_props\" value=\"4a215e1-16\">\n\t\t\t<\/form>\n\t\t<\/search>\n\t\t\t\t\t\t<\/div>\n\t\t\t\t<\/div>\n\t\t<div class=\"elementor-element elementor-element-941a3c5 e-con-full e-flex e-con e-child\" data-id=\"941a3c5\" data-element_type=\"container\" data-e-type=\"container\">\n\t\t\t\t<div class=\"elementor-element elementor-element-ae74765 elementor-widget elementor-widget-button\" data-id=\"ae74765\" data-element_type=\"widget\" data-e-type=\"widget\" data-widget_type=\"button.default\">\n\t\t\t\t<div class=\"elementor-widget-container\">\n\t\t\t\t\t\t\t\t\t<div class=\"elementor-button-wrapper\">\n\t\t\t\t\t<a class=\"elementor-button elementor-button-link elementor-size-sm\" href=\"#pueblo\">\n\t\t\t\t\t\t<span class=\"elementor-button-content-wrapper\">\n\t\t\t\t\t\t\t\t\t<span class=\"elementor-button-text\">Pueblos<\/span>\n\t\t\t\t\t<\/span>\n\t\t\t\t\t<\/a>\n\t\t\t\t<\/div>\n\t\t\t\t\t\t\t\t<\/div>\n\t\t\t\t<\/div>\n\t\t\t\t<div class=\"elementor-element elementor-element-c1f4b6d elementor-widget elementor-widget-button\" data-id=\"c1f4b6d\" data-element_type=\"widget\" data-e-type=\"widget\" data-widget_type=\"button.default\">\n\t\t\t\t<div class=\"elementor-widget-container\">\n\t\t\t\t\t\t\t\t\t<div class=\"elementor-button-wrapper\">\n\t\t\t\t\t<a class=\"elementor-button elementor-button-link elementor-size-sm\" href=\"#playa\">\n\t\t\t\t\t\t<span class=\"elementor-button-content-wrapper\">\n\t\t\t\t\t\t\t\t\t<span class=\"elementor-button-text\">Playas<\/span>\n\t\t\t\t\t<\/span>\n\t\t\t\t\t<\/a>\n\t\t\t\t<\/div>\n\t\t\t\t\t\t\t\t<\/div>\n\t\t\t\t<\/div>\n\t\t\t\t<div class=\"elementor-element elementor-element-d51a3b3 elementor-widget elementor-widget-button\" data-id=\"d51a3b3\" data-element_type=\"widget\" data-e-type=\"widget\" data-widget_type=\"button.default\">\n\t\t\t\t<div class=\"elementor-widget-container\">\n\t\t\t\t\t\t\t\t\t<div class=\"elementor-button-wrapper\">\n\t\t\t\t\t<a class=\"elementor-button elementor-button-link elementor-size-sm\" href=\"#golf\">\n\t\t\t\t\t\t<span class=\"elementor-button-content-wrapper\">\n\t\t\t\t\t\t\t\t\t<span class=\"elementor-button-text\">Golf<\/span>\n\t\t\t\t\t<\/span>\n\t\t\t\t\t<\/a>\n\t\t\t\t<\/div>\n\t\t\t\t\t\t\t\t<\/div>\n\t\t\t\t<\/div>\n\t\t\t\t<div class=\"elementor-element elementor-element-2006e32 elementor-widget elementor-widget-button\" data-id=\"2006e32\" data-element_type=\"widget\" data-e-type=\"widget\" data-widget_type=\"button.default\">\n\t\t\t\t<div class=\"elementor-widget-container\">\n\t\t\t\t\t\t\t\t\t<div class=\"elementor-button-wrapper\">\n\t\t\t\t\t<a class=\"elementor-button elementor-button-link elementor-size-sm\" href=\"#actividades\">\n\t\t\t\t\t\t<span class=\"elementor-button-content-wrapper\">\n\t\t\t\t\t\t\t\t\t<span class=\"elementor-button-text\">Actividades<\/span>\n\t\t\t\t\t<\/span>\n\t\t\t\t\t<\/a>\n\t\t\t\t<\/div>\n\t\t\t\t\t\t\t\t<\/div>\n\t\t\t\t<\/div>\n\t\t\t\t<div class=\"elementor-element elementor-element-f4540b6 elementor-widget elementor-widget-button\" data-id=\"f4540b6\" data-element_type=\"widget\" data-e-type=\"widget\" data-widget_type=\"button.default\">\n\t\t\t\t<div class=\"elementor-widget-container\">\n\t\t\t\t\t\t\t\t\t<div class=\"elementor-button-wrapper\">\n\t\t\t\t\t<a class=\"elementor-button elementor-button-link elementor-size-sm\" href=\"#event\">\n\t\t\t\t\t\t<span class=\"elementor-button-content-wrapper\">\n\t\t\t\t\t\t\t\t\t<span class=\"elementor-button-text\">Eventos<\/span>\n\t\t\t\t\t<\/span>\n\t\t\t\t\t<\/a>\n\t\t\t\t<\/div>\n\t\t\t\t\t\t\t\t<\/div>\n\t\t\t\t<\/div>\n\t\t\t\t<div class=\"elementor-element elementor-element-f7fb185 elementor-widget elementor-widget-button\" data-id=\"f7fb185\" data-element_type=\"widget\" data-e-type=\"widget\" data-widget_type=\"button.default\">\n\t\t\t\t<div class=\"elementor-widget-container\">\n\t\t\t\t\t\t\t\t\t<div class=\"elementor-button-wrapper\">\n\t\t\t\t\t<a class=\"elementor-button elementor-button-link elementor-size-sm\" href=\"#costa\">\n\t\t\t\t\t\t<span class=\"elementor-button-content-wrapper\">\n\t\t\t\t\t\t\t\t\t<span class=\"elementor-button-text\">Todo sobre la Costa del Sol<\/span>\n\t\t\t\t\t<\/span>\n\t\t\t\t\t<\/a>\n\t\t\t\t<\/div>\n\t\t\t\t\t\t\t\t<\/div>\n\t\t\t\t<\/div>\n\t\t\t\t<\/div>\n\t\t\t\t\t<\/div>\n\t\t\t\t<\/div>\n\t\t<div class=\"elementor-element elementor-element-8f4dc24 e-flex e-con-boxed e-con e-parent\" data-id=\"8f4dc24\" data-element_type=\"container\" data-e-type=\"container\" id=\"pueblo\">\n\t\t\t\t\t<div class=\"e-con-inner\">\n\t\t<div class=\"elementor-element elementor-element-bce5359 e-con-full e-flex e-con e-child\" data-id=\"bce5359\" data-element_type=\"container\" data-e-type=\"container\">\n\t\t\t\t<div class=\"elementor-element elementor-element-0f1f1b3 elementor-widget elementor-widget-heading\" data-id=\"0f1f1b3\" data-element_type=\"widget\" data-e-type=\"widget\" data-widget_type=\"heading.default\">\n\t\t\t\t<div class=\"elementor-widget-container\">\n\t\t\t\t\t<h2 class=\"elementor-heading-title elementor-size-default\">Los pueblos mas bonitos  de la Costa del Sol<\/h2>\t\t\t\t<\/div>\n\t\t\t\t<\/div>\n\t\t\t\t<div class=\"elementor-element elementor-element-b127c04 elementor-widget elementor-widget-text-editor\" data-id=\"b127c04\" data-element_type=\"widget\" data-e-type=\"widget\" data-widget_type=\"text-editor.default\">\n\t\t\t\t<div class=\"elementor-widget-container\">\n\t\t\t\t\t\t\t\t\t<p>Callejuelas empedradas, miradores con <strong>vistas espectaculares<\/strong> y una gastronom\u00eda que enamora te esperan en cada parada. \u00bfListo para descubrir la aut\u00e9ntica esencia andaluza?<\/p>\t\t\t\t\t\t\t\t<\/div>\n\t\t\t\t<\/div>\n\t\t\t\t<div class=\"elementor-element elementor-element-fd3a591 elementor-widget elementor-widget-button\" data-id=\"fd3a591\" data-element_type=\"widget\" data-e-type=\"widget\" data-widget_type=\"button.default\">\n\t\t\t\t<div class=\"elementor-widget-container\">\n\t\t\t\t\t\t\t\t\t<div class=\"elementor-button-wrapper\">\n\t\t\t\t\t<a class=\"elementor-button elementor-button-link elementor-size-sm\" href=\"https:\/\/www.alfrescostays.com\/blog\/category\/pueblos-costa-del-sol\/\">\n\t\t\t\t\t\t<span class=\"elementor-button-content-wrapper\">\n\t\t\t\t\t\t\t\t\t<span class=\"elementor-button-text\">Descubre!<\/span>\n\t\t\t\t\t<\/span>\n\t\t\t\t\t<\/a>\n\t\t\t\t<\/div>\n\t\t\t\t\t\t\t\t<\/div>\n\t\t\t\t<\/div>\n\t\t\t\t<\/div>\n\t\t<div class=\"elementor-element elementor-element-9bf1255 e-con-full e-flex e-con e-child\" data-id=\"9bf1255\" data-element_type=\"container\" data-e-type=\"container\">\n\t\t\t\t<div class=\"elementor-element elementor-element-25ee677 elementor-grid-3 elementor-grid-tablet-2 elementor-grid-mobile-1 elementor-posts--thumbnail-top elementor-card-shadow-yes elementor-posts__hover-gradient load-more-align-center elementor-widget elementor-widget-posts\" data-id=\"25ee677\" data-element_type=\"widget\" data-e-type=\"widget\" data-settings=\"{&quot;cards_row_gap&quot;:{&quot;unit&quot;:&quot;px&quot;,&quot;size&quot;:20,&quot;sizes&quot;:[]},&quot;pagination_type&quot;:&quot;load_more_on_click&quot;,&quot;cards_columns&quot;:&quot;3&quot;,&quot;cards_columns_tablet&quot;:&quot;2&quot;,&quot;cards_columns_mobile&quot;:&quot;1&quot;,&quot;cards_row_gap_tablet&quot;:{&quot;unit&quot;:&quot;px&quot;,&quot;size&quot;:&quot;&quot;,&quot;sizes&quot;:[]},&quot;cards_row_gap_mobile&quot;:{&quot;unit&quot;:&quot;px&quot;,&quot;size&quot;:&quot;&quot;,&quot;sizes&quot;:[]},&quot;load_more_spinner&quot;:{&quot;value&quot;:&quot;fas fa-spinner&quot;,&quot;library&quot;:&quot;fa-solid&quot;}}\" data-widget_type=\"posts.cards\">\n\t\t\t\t<div class=\"elementor-widget-container\">\n\t\t\t\t\t\t\t<div class=\"elementor-posts-container elementor-posts elementor-posts--skin-cards elementor-grid\" role=\"list\">\n\t\t\t\t<article class=\"elementor-post elementor-grid-item post-4146 post type-post status-publish format-standard has-post-thumbnail hentry category-benalmadena category-pueblos-costa-del-sol\" role=\"listitem\">\n\t\t\t<div class=\"elementor-post__card\">\n\t\t\t\t<a class=\"elementor-post__thumbnail__link\" href=\"https:\/\/www.alfrescostays.com\/blog\/jardin-aguilas-benalmadena\/\" tabindex=\"-1\" ><div class=\"elementor-post__thumbnail\"><img fetchpriority=\"high\" decoding=\"async\" width=\"800\" height=\"450\" src=\"https:\/\/www.alfrescostays.com\/blog\/wp-content\/uploads\/2025\/10\/Jardin-de-las-Aguilas-benalmadena-1024x576.jpg\" class=\"attachment-large size-large wp-image-4149\" alt=\"Jardin-de-las-Aguilas-benalmadena.jpg\" srcset=\"https:\/\/www.alfrescostays.com\/blog\/wp-content\/uploads\/2025\/10\/Jardin-de-las-Aguilas-benalmadena-1024x576.jpg 1024w, https:\/\/www.alfrescostays.com\/blog\/wp-content\/uploads\/2025\/10\/Jardin-de-las-Aguilas-benalmadena-300x169.jpg 300w, https:\/\/www.alfrescostays.com\/blog\/wp-content\/uploads\/2025\/10\/Jardin-de-las-Aguilas-benalmadena-768x432.jpg 768w, https:\/\/www.alfrescostays.com\/blog\/wp-content\/uploads\/2025\/10\/Jardin-de-las-Aguilas-benalmadena.jpg 1270w\" sizes=\"(max-width: 800px) 100vw, 800px\" \/><\/div><\/a>\n\t\t\t\t<div class=\"elementor-post__text\">\n\t\t\t\t<h3 class=\"elementor-post__title\">\n\t\t\t<a href=\"https:\/\/www.alfrescostays.com\/blog\/jardin-aguilas-benalmadena\/\" >\n\t\t\t\tEl Jard\u00edn de las \u00c1guilas en Benalm\u00e1dena\t\t\t<\/a>\n\t\t<\/h3>\n\t\t\t\t<\/div>\n\t\t\t\t\t<\/div>\n\t\t<\/article>\n\t\t\t\t<article class=\"elementor-post elementor-grid-item post-4026 post type-post status-publish format-standard has-post-thumbnail hentry category-alquiler-vacacional-costa-del-sol category-costa-del-sol category-pueblos-costa-del-sol\" role=\"listitem\">\n\t\t\t<div class=\"elementor-post__card\">\n\t\t\t\t<a class=\"elementor-post__thumbnail__link\" href=\"https:\/\/www.alfrescostays.com\/blog\/vacaciones-manilva\/\" tabindex=\"-1\" ><div class=\"elementor-post__thumbnail\"><img decoding=\"async\" width=\"800\" height=\"334\" src=\"https:\/\/www.alfrescostays.com\/blog\/wp-content\/uploads\/2025\/09\/iStock-1297933590-1024x427.webp\" class=\"attachment-large size-large wp-image-4028\" alt=\"vacaciones en manilva costa del sol\" srcset=\"https:\/\/www.alfrescostays.com\/blog\/wp-content\/uploads\/2025\/09\/iStock-1297933590-1024x427.webp 1024w, https:\/\/www.alfrescostays.com\/blog\/wp-content\/uploads\/2025\/09\/iStock-1297933590-300x125.webp 300w, https:\/\/www.alfrescostays.com\/blog\/wp-content\/uploads\/2025\/09\/iStock-1297933590-768x320.webp 768w, https:\/\/www.alfrescostays.com\/blog\/wp-content\/uploads\/2025\/09\/iStock-1297933590-1536x640.webp 1536w, https:\/\/www.alfrescostays.com\/blog\/wp-content\/uploads\/2025\/09\/iStock-1297933590.webp 1920w\" sizes=\"(max-width: 800px) 100vw, 800px\" \/><\/div><\/a>\n\t\t\t\t<div class=\"elementor-post__text\">\n\t\t\t\t<h3 class=\"elementor-post__title\">\n\t\t\t<a href=\"https:\/\/www.alfrescostays.com\/blog\/vacaciones-manilva\/\" >\n\t\t\t\tVacaciones en Manilva\u200b\t\t\t<\/a>\n\t\t<\/h3>\n\t\t\t\t<\/div>\n\t\t\t\t\t<\/div>\n\t\t<\/article>\n\t\t\t\t<article class=\"elementor-post elementor-grid-item post-3805 post type-post status-publish format-standard has-post-thumbnail hentry category-alquiler-vacacional-costa-del-sol category-costa-del-sol category-pueblos-costa-del-sol\" role=\"listitem\">\n\t\t\t<div class=\"elementor-post__card\">\n\t\t\t\t<a class=\"elementor-post__thumbnail__link\" href=\"https:\/\/www.alfrescostays.com\/blog\/vacaciones-estepona\/\" tabindex=\"-1\" ><div class=\"elementor-post__thumbnail\"><img decoding=\"async\" width=\"800\" height=\"263\" src=\"https:\/\/www.alfrescostays.com\/blog\/wp-content\/uploads\/2024\/02\/estepona-1920x630.jpg\" class=\"attachment-large size-large wp-image-517\" alt=\"boombastic estepona\" \/><\/div><\/a>\n\t\t\t\t<div class=\"elementor-post__text\">\n\t\t\t\t<h3 class=\"elementor-post__title\">\n\t\t\t<a href=\"https:\/\/www.alfrescostays.com\/blog\/vacaciones-estepona\/\" >\n\t\t\t\tVacaciones en Estepona\t\t\t<\/a>\n\t\t<\/h3>\n\t\t\t\t<\/div>\n\t\t\t\t\t<\/div>\n\t\t<\/article>\n\t\t\t\t<\/div>\n\t\t\t\t\t<span class=\"e-load-more-spinner\">\n\t\t\t\t<svg aria-hidden=\"true\" class=\"e-font-icon-svg e-fas-spinner\" viewBox=\"0 0 512 512\" xmlns=\"http:\/\/www.w3.org\/2000\/svg\"><path d=\"M304 48c0 26.51-21.49 48-48 48s-48-21.49-48-48 21.49-48 48-48 48 21.49 48 48zm-48 368c-26.51 0-48 21.49-48 48s21.49 48 48 48 48-21.49 48-48-21.49-48-48-48zm208-208c-26.51 0-48 21.49-48 48s21.49 48 48 48 48-21.49 48-48-21.49-48-48-48zM96 256c0-26.51-21.49-48-48-48S0 229.49 0 256s21.49 48 48 48 48-21.49 48-48zm12.922 99.078c-26.51 0-48 21.49-48 48s21.49 48 48 48 48-21.49 48-48c0-26.509-21.491-48-48-48zm294.156 0c-26.51 0-48 21.49-48 48s21.49 48 48 48 48-21.49 48-48c0-26.509-21.49-48-48-48zM108.922 60.922c-26.51 0-48 21.49-48 48s21.49 48 48 48 48-21.49 48-48-21.491-48-48-48z\"><\/path><\/svg>\t\t\t<\/span>\n\t\t\n\t\t\t\t<div class=\"e-load-more-anchor\" data-page=\"1\" data-max-page=\"7\" data-next-page=\"https:\/\/www.alfrescostays.com\/blog\/wp-json\/wp\/v2\/pages\/16\/page\/2\/\"><\/div>\n\t\t\t\t<div class=\"elementor-button-wrapper\">\n\t\t\t<a class=\"elementor-button elementor-size-sm\" role=\"button\">\n\t\t\t\t\t\t<span class=\"elementor-button-content-wrapper\">\n\t\t\t\t\t\t\t\t\t<span class=\"elementor-button-text\">Cargar m\u00e1s<\/span>\n\t\t\t\t\t<\/span>\n\t\t\t\t\t<\/a>\n\t\t<\/div>\n\t\t\t\t<div class=\"e-load-more-message\"><\/div>\n\t\t\t\t\t\t<\/div>\n\t\t\t\t<\/div>\n\t\t\t\t<\/div>\n\t\t\t\t\t<\/div>\n\t\t\t\t<\/div>\n\t\t<div class=\"elementor-element elementor-element-8e62b8a e-flex e-con-boxed e-con e-parent\" data-id=\"8e62b8a\" data-element_type=\"container\" data-e-type=\"container\" id=\"playa\">\n\t\t\t\t\t<div class=\"e-con-inner\">\n\t\t<div class=\"elementor-element elementor-element-2f67227 e-con-full e-flex e-con e-child\" data-id=\"2f67227\" data-element_type=\"container\" data-e-type=\"container\">\n\t\t\t\t<div class=\"elementor-element elementor-element-b012c62 elementor-widget elementor-widget-heading\" data-id=\"b012c62\" data-element_type=\"widget\" data-e-type=\"widget\" data-widget_type=\"heading.default\">\n\t\t\t\t<div class=\"elementor-widget-container\">\n\t\t\t\t\t<h2 class=\"elementor-heading-title elementor-size-default\">Las mejores playas en la Costa del Sol<\/h2>\t\t\t\t<\/div>\n\t\t\t\t<\/div>\n\t\t\t\t<div class=\"elementor-element elementor-element-4100c7f elementor-widget elementor-widget-text-editor\" data-id=\"4100c7f\" data-element_type=\"widget\" data-e-type=\"widget\" data-widget_type=\"text-editor.default\">\n\t\t\t\t<div class=\"elementor-widget-container\">\n\t\t\t\t\t\t\t\t\t<p>Desde calas escondidas con encanto hasta extensas playas con <strong>todos los servicios<\/strong>, cada rinc\u00f3n de la costa ofrece una experiencia \u00fanica!<\/p>\t\t\t\t\t\t\t\t<\/div>\n\t\t\t\t<\/div>\n\t\t\t\t<div class=\"elementor-element elementor-element-1911a03 elementor-widget elementor-widget-button\" data-id=\"1911a03\" data-element_type=\"widget\" data-e-type=\"widget\" data-widget_type=\"button.default\">\n\t\t\t\t<div class=\"elementor-widget-container\">\n\t\t\t\t\t\t\t\t\t<div class=\"elementor-button-wrapper\">\n\t\t\t\t\t<a class=\"elementor-button elementor-button-link elementor-size-sm\" href=\"https:\/\/www.alfrescostays.com\/blog\/category\/playas-costa-del-sol\/\">\n\t\t\t\t\t\t<span class=\"elementor-button-content-wrapper\">\n\t\t\t\t\t\t\t\t\t<span class=\"elementor-button-text\">Descubre!<\/span>\n\t\t\t\t\t<\/span>\n\t\t\t\t\t<\/a>\n\t\t\t\t<\/div>\n\t\t\t\t\t\t\t\t<\/div>\n\t\t\t\t<\/div>\n\t\t\t\t<\/div>\n\t\t<div class=\"elementor-element elementor-element-0e86532 e-con-full e-flex e-con e-child\" data-id=\"0e86532\" data-element_type=\"container\" data-e-type=\"container\">\n\t\t\t\t<div class=\"elementor-element elementor-element-a09ec49 elementor-grid-3 elementor-grid-tablet-2 elementor-grid-mobile-1 elementor-posts--thumbnail-top elementor-card-shadow-yes elementor-posts__hover-gradient load-more-align-center elementor-widget elementor-widget-posts\" data-id=\"a09ec49\" data-element_type=\"widget\" data-e-type=\"widget\" data-settings=\"{&quot;cards_row_gap&quot;:{&quot;unit&quot;:&quot;px&quot;,&quot;size&quot;:20,&quot;sizes&quot;:[]},&quot;pagination_type&quot;:&quot;load_more_on_click&quot;,&quot;cards_columns&quot;:&quot;3&quot;,&quot;cards_columns_tablet&quot;:&quot;2&quot;,&quot;cards_columns_mobile&quot;:&quot;1&quot;,&quot;cards_row_gap_tablet&quot;:{&quot;unit&quot;:&quot;px&quot;,&quot;size&quot;:&quot;&quot;,&quot;sizes&quot;:[]},&quot;cards_row_gap_mobile&quot;:{&quot;unit&quot;:&quot;px&quot;,&quot;size&quot;:&quot;&quot;,&quot;sizes&quot;:[]},&quot;load_more_spinner&quot;:{&quot;value&quot;:&quot;fas fa-spinner&quot;,&quot;library&quot;:&quot;fa-solid&quot;}}\" data-widget_type=\"posts.cards\">\n\t\t\t\t<div class=\"elementor-widget-container\">\n\t\t\t\t\t\t\t<div class=\"elementor-posts-container elementor-posts elementor-posts--skin-cards elementor-grid\" role=\"list\">\n\t\t\t\t<article class=\"elementor-post elementor-grid-item post-3107 post type-post status-publish format-standard has-post-thumbnail hentry category-benalmadena category-playas-costa-del-sol category-pueblos-costa-del-sol\" role=\"listitem\">\n\t\t\t<div class=\"elementor-post__card\">\n\t\t\t\t<a class=\"elementor-post__thumbnail__link\" href=\"https:\/\/www.alfrescostays.com\/blog\/playa-arroyo-miel\/\" tabindex=\"-1\" ><div class=\"elementor-post__thumbnail\"><img loading=\"lazy\" decoding=\"async\" width=\"800\" height=\"356\" src=\"https:\/\/www.alfrescostays.com\/blog\/wp-content\/uploads\/2025\/04\/playa-benalmadena-arroyo-de-la-miel-1024x456.jpg\" class=\"attachment-large size-large wp-image-3115\" alt=\"\" srcset=\"https:\/\/www.alfrescostays.com\/blog\/wp-content\/uploads\/2025\/04\/playa-benalmadena-arroyo-de-la-miel-1024x456.jpg 1024w, https:\/\/www.alfrescostays.com\/blog\/wp-content\/uploads\/2025\/04\/playa-benalmadena-arroyo-de-la-miel-300x133.jpg 300w, https:\/\/www.alfrescostays.com\/blog\/wp-content\/uploads\/2025\/04\/playa-benalmadena-arroyo-de-la-miel-768x342.jpg 768w, https:\/\/www.alfrescostays.com\/blog\/wp-content\/uploads\/2025\/04\/playa-benalmadena-arroyo-de-la-miel.jpg 1360w\" sizes=\"(max-width: 800px) 100vw, 800px\" \/><\/div><\/a>\n\t\t\t\t<div class=\"elementor-post__text\">\n\t\t\t\t<h3 class=\"elementor-post__title\">\n\t\t\t<a href=\"https:\/\/www.alfrescostays.com\/blog\/playa-arroyo-miel\/\" >\n\t\t\t\tLa bella Playa Arroyo de la Miel de Benalm\u00e1dena\t\t\t<\/a>\n\t\t<\/h3>\n\t\t\t\t<\/div>\n\t\t\t\t\t<\/div>\n\t\t<\/article>\n\t\t\t\t<article class=\"elementor-post elementor-grid-item post-2868 post type-post status-publish format-standard has-post-thumbnail hentry category-actividades-costa-del-sol category-benalmadena category-playas-costa-del-sol category-pueblos-costa-del-sol\" role=\"listitem\">\n\t\t\t<div class=\"elementor-post__card\">\n\t\t\t\t<a class=\"elementor-post__thumbnail__link\" href=\"https:\/\/www.alfrescostays.com\/blog\/chiringuitos-benalmadena\/\" tabindex=\"-1\" ><div class=\"elementor-post__thumbnail\"><img loading=\"lazy\" decoding=\"async\" width=\"800\" height=\"312\" src=\"https:\/\/www.alfrescostays.com\/blog\/wp-content\/uploads\/2025\/03\/chiringuitos-benalmadena-1024x399.jpg\" class=\"attachment-large size-large wp-image-2881\" alt=\"chiringuitos benalm\u00e1dena\" srcset=\"https:\/\/www.alfrescostays.com\/blog\/wp-content\/uploads\/2025\/03\/chiringuitos-benalmadena-1024x399.jpg 1024w, https:\/\/www.alfrescostays.com\/blog\/wp-content\/uploads\/2025\/03\/chiringuitos-benalmadena-300x117.jpg 300w, https:\/\/www.alfrescostays.com\/blog\/wp-content\/uploads\/2025\/03\/chiringuitos-benalmadena-768x299.jpg 768w, https:\/\/www.alfrescostays.com\/blog\/wp-content\/uploads\/2025\/03\/chiringuitos-benalmadena-1536x598.jpg 1536w, https:\/\/www.alfrescostays.com\/blog\/wp-content\/uploads\/2025\/03\/chiringuitos-benalmadena.jpg 1920w\" sizes=\"(max-width: 800px) 100vw, 800px\" \/><\/div><\/a>\n\t\t\t\t<div class=\"elementor-post__text\">\n\t\t\t\t<h3 class=\"elementor-post__title\">\n\t\t\t<a href=\"https:\/\/www.alfrescostays.com\/blog\/chiringuitos-benalmadena\/\" >\n\t\t\t\tEstos son los mejores chiringuitos de Benalm\u00e1dena\t\t\t<\/a>\n\t\t<\/h3>\n\t\t\t\t<\/div>\n\t\t\t\t\t<\/div>\n\t\t<\/article>\n\t\t\t\t<article class=\"elementor-post elementor-grid-item post-2707 post type-post status-publish format-standard has-post-thumbnail hentry category-benalmadena category-playas-costa-del-sol\" role=\"listitem\">\n\t\t\t<div class=\"elementor-post__card\">\n\t\t\t\t<a class=\"elementor-post__thumbnail__link\" href=\"https:\/\/www.alfrescostays.com\/blog\/playas-benalmadena\/\" tabindex=\"-1\" ><div class=\"elementor-post__thumbnail\"><img loading=\"lazy\" decoding=\"async\" width=\"800\" height=\"266\" src=\"https:\/\/www.alfrescostays.com\/blog\/wp-content\/uploads\/2025\/02\/playas-benalmadena-1024x341.jpg\" class=\"attachment-large size-large wp-image-2739\" alt=\"playas-benalmadena.jpg\" srcset=\"https:\/\/www.alfrescostays.com\/blog\/wp-content\/uploads\/2025\/02\/playas-benalmadena-1024x341.jpg 1024w, https:\/\/www.alfrescostays.com\/blog\/wp-content\/uploads\/2025\/02\/playas-benalmadena-300x100.jpg 300w, https:\/\/www.alfrescostays.com\/blog\/wp-content\/uploads\/2025\/02\/playas-benalmadena-768x256.jpg 768w, https:\/\/www.alfrescostays.com\/blog\/wp-content\/uploads\/2025\/02\/playas-benalmadena-1536x512.jpg 1536w, https:\/\/www.alfrescostays.com\/blog\/wp-content\/uploads\/2025\/02\/playas-benalmadena-2048x683.jpg 2048w\" sizes=\"(max-width: 800px) 100vw, 800px\" \/><\/div><\/a>\n\t\t\t\t<div class=\"elementor-post__text\">\n\t\t\t\t<h3 class=\"elementor-post__title\">\n\t\t\t<a href=\"https:\/\/www.alfrescostays.com\/blog\/playas-benalmadena\/\" >\n\t\t\t\tDescubre las mejores playas de Benalm\u00e1dena\t\t\t<\/a>\n\t\t<\/h3>\n\t\t\t\t<\/div>\n\t\t\t\t\t<\/div>\n\t\t<\/article>\n\t\t\t\t<\/div>\n\t\t\t\t\t<span class=\"e-load-more-spinner\">\n\t\t\t\t<svg aria-hidden=\"true\" class=\"e-font-icon-svg e-fas-spinner\" viewBox=\"0 0 512 512\" xmlns=\"http:\/\/www.w3.org\/2000\/svg\"><path d=\"M304 48c0 26.51-21.49 48-48 48s-48-21.49-48-48 21.49-48 48-48 48 21.49 48 48zm-48 368c-26.51 0-48 21.49-48 48s21.49 48 48 48 48-21.49 48-48-21.49-48-48-48zm208-208c-26.51 0-48 21.49-48 48s21.49 48 48 48 48-21.49 48-48-21.49-48-48-48zM96 256c0-26.51-21.49-48-48-48S0 229.49 0 256s21.49 48 48 48 48-21.49 48-48zm12.922 99.078c-26.51 0-48 21.49-48 48s21.49 48 48 48 48-21.49 48-48c0-26.509-21.491-48-48-48zm294.156 0c-26.51 0-48 21.49-48 48s21.49 48 48 48 48-21.49 48-48c0-26.509-21.49-48-48-48zM108.922 60.922c-26.51 0-48 21.49-48 48s21.49 48 48 48 48-21.49 48-48-21.491-48-48-48z\"><\/path><\/svg>\t\t\t<\/span>\n\t\t\n\t\t\t\t<div class=\"e-load-more-anchor\" data-page=\"1\" data-max-page=\"3\" data-next-page=\"https:\/\/www.alfrescostays.com\/blog\/wp-json\/wp\/v2\/pages\/16\/page\/2\/\"><\/div>\n\t\t\t\t<div class=\"elementor-button-wrapper\">\n\t\t\t<a class=\"elementor-button elementor-size-sm\" role=\"button\">\n\t\t\t\t\t\t<span class=\"elementor-button-content-wrapper\">\n\t\t\t\t\t\t\t\t\t<span class=\"elementor-button-text\">Cargar m\u00e1s<\/span>\n\t\t\t\t\t<\/span>\n\t\t\t\t\t<\/a>\n\t\t<\/div>\n\t\t\t\t<div class=\"e-load-more-message\"><\/div>\n\t\t\t\t\t\t<\/div>\n\t\t\t\t<\/div>\n\t\t\t\t<\/div>\n\t\t\t\t\t<\/div>\n\t\t\t\t<\/div>\n\t\t<div class=\"elementor-element elementor-element-e83e049 e-flex e-con-boxed e-con e-parent\" data-id=\"e83e049\" data-element_type=\"container\" data-e-type=\"container\" data-settings=\"{&quot;background_background&quot;:&quot;classic&quot;}\">\n\t\t\t\t\t<div class=\"e-con-inner\">\n\t\t<div class=\"elementor-element elementor-element-83ab89c e-con-full e-flex e-con e-child\" data-id=\"83ab89c\" data-element_type=\"container\" data-e-type=\"container\" data-settings=\"{&quot;background_background&quot;:&quot;classic&quot;}\">\n\t\t\t\t<div class=\"elementor-element elementor-element-9a73631 elementor-widget elementor-widget-heading\" data-id=\"9a73631\" data-element_type=\"widget\" data-e-type=\"widget\" data-widget_type=\"heading.default\">\n\t\t\t\t<div class=\"elementor-widget-container\">\n\t\t\t\t\t<h3 class=\"elementor-heading-title elementor-size-default\">\u00bfTe gustar\u00eda jugar golf en la Costa del Sol?<\/h3>\t\t\t\t<\/div>\n\t\t\t\t<\/div>\n\t\t\t\t<div class=\"elementor-element elementor-element-b98b28e elementor-widget elementor-widget-text-editor\" data-id=\"b98b28e\" data-element_type=\"widget\" data-e-type=\"widget\" data-widget_type=\"text-editor.default\">\n\t\t\t\t<div class=\"elementor-widget-container\">\n\t\t\t\t\t\t\t\t\t<p>La Costa del Sol es el destino perfecto para los amantes del golf, con m\u00e1s de <strong>70 campos de golf<\/strong> donde disfrutar del deporte en un entorno inmejorable. Adem\u00e1s, puedes mejorar tu juego con los <strong>mejores cursos de golf<\/strong> disponibles para todos los niveles.<\/p><p>Nuestros apartamentos de golf te ofrecen la comodidad de estar cerca de los campos, asegurando que aproveches al m\u00e1ximo tu estancia. <strong>Reserva tu apartamento en la Costa del Sol <\/strong>y vive una experiencia inolvidable.<\/p>\t\t\t\t\t\t\t\t<\/div>\n\t\t\t\t<\/div>\n\t\t<div class=\"elementor-element elementor-element-0022542 e-con-full e-grid e-con e-child\" data-id=\"0022542\" data-element_type=\"container\" data-e-type=\"container\">\n\t\t\t\t<div class=\"elementor-element elementor-element-43e122d elementor-align-center elementor-widget elementor-widget-button\" data-id=\"43e122d\" data-element_type=\"widget\" data-e-type=\"widget\" data-widget_type=\"button.default\">\n\t\t\t\t<div class=\"elementor-widget-container\">\n\t\t\t\t\t\t\t\t\t<div class=\"elementor-button-wrapper\">\n\t\t\t\t\t<a class=\"elementor-button elementor-button-link elementor-size-sm\" href=\"https:\/\/www.alfrescostays.com\/alquileres-vacacionales-golf-costa-del-sol\/\">\n\t\t\t\t\t\t<span class=\"elementor-button-content-wrapper\">\n\t\t\t\t\t\t\t\t\t<span class=\"elementor-button-text\">Apartamentos de Golf Costa del Sol<\/span>\n\t\t\t\t\t<\/span>\n\t\t\t\t\t<\/a>\n\t\t\t\t<\/div>\n\t\t\t\t\t\t\t\t<\/div>\n\t\t\t\t<\/div>\n\t\t\t\t<div class=\"elementor-element elementor-element-428b9ed elementor-align-center elementor-widget elementor-widget-button\" data-id=\"428b9ed\" data-element_type=\"widget\" data-e-type=\"widget\" data-widget_type=\"button.default\">\n\t\t\t\t<div class=\"elementor-widget-container\">\n\t\t\t\t\t\t\t\t\t<div class=\"elementor-button-wrapper\">\n\t\t\t\t\t<a class=\"elementor-button elementor-button-link elementor-size-sm\" href=\"https:\/\/www.alfrescostays.com\/apartamentos-mijas-golf\/\">\n\t\t\t\t\t\t<span class=\"elementor-button-content-wrapper\">\n\t\t\t\t\t\t\t\t\t<span class=\"elementor-button-text\">Apartamentos de Golf Mijas Costa<\/span>\n\t\t\t\t\t<\/span>\n\t\t\t\t\t<\/a>\n\t\t\t\t<\/div>\n\t\t\t\t\t\t\t\t<\/div>\n\t\t\t\t<\/div>\n\t\t\t\t<\/div>\n\t\t\t\t<\/div>\n\t\t<div class=\"elementor-element elementor-element-127100f e-con-full e-flex e-con e-child\" data-id=\"127100f\" data-element_type=\"container\" data-e-type=\"container\" data-settings=\"{&quot;background_background&quot;:&quot;classic&quot;}\">\n\t\t\t\t<div class=\"elementor-element elementor-element-a9b91b8 elementor-grid-1 elementor-grid-tablet-1 elementor-grid-mobile-1 elementor-posts--thumbnail-top elementor-card-shadow-yes elementor-posts__hover-gradient elementor-widget elementor-widget-posts\" data-id=\"a9b91b8\" data-element_type=\"widget\" data-e-type=\"widget\" data-settings=\"{&quot;cards_columns&quot;:&quot;1&quot;,&quot;cards_row_gap&quot;:{&quot;unit&quot;:&quot;px&quot;,&quot;size&quot;:20,&quot;sizes&quot;:[]},&quot;cards_columns_tablet&quot;:&quot;1&quot;,&quot;cards_columns_mobile&quot;:&quot;1&quot;,&quot;cards_row_gap_tablet&quot;:{&quot;unit&quot;:&quot;px&quot;,&quot;size&quot;:&quot;&quot;,&quot;sizes&quot;:[]},&quot;cards_row_gap_mobile&quot;:{&quot;unit&quot;:&quot;px&quot;,&quot;size&quot;:&quot;&quot;,&quot;sizes&quot;:[]}}\" data-widget_type=\"posts.cards\">\n\t\t\t\t<div class=\"elementor-widget-container\">\n\t\t\t\t\t\t\t<div class=\"elementor-posts-container elementor-posts elementor-posts--skin-cards elementor-grid\" role=\"list\">\n\t\t\t\t<article class=\"elementor-post elementor-grid-item post-372 post type-post status-publish format-standard has-post-thumbnail hentry category-actividades-costa-del-sol\" role=\"listitem\">\n\t\t\t<div class=\"elementor-post__card\">\n\t\t\t\t<a class=\"elementor-post__thumbnail__link\" href=\"https:\/\/www.alfrescostays.com\/blog\/golf-costa-del-sol\/\" tabindex=\"-1\" ><div class=\"elementor-post__thumbnail\"><img loading=\"lazy\" decoding=\"async\" width=\"1920\" height=\"864\" src=\"https:\/\/www.alfrescostays.com\/blog\/wp-content\/uploads\/2024\/02\/Golf-en-costa-del-sol.jpg\" class=\"attachment-full size-full wp-image-598\" alt=\"Golf en costa del sol\" srcset=\"https:\/\/www.alfrescostays.com\/blog\/wp-content\/uploads\/2024\/02\/Golf-en-costa-del-sol.jpg 1920w, https:\/\/www.alfrescostays.com\/blog\/wp-content\/uploads\/2024\/02\/Golf-en-costa-del-sol-768x346.jpg 768w, https:\/\/www.alfrescostays.com\/blog\/wp-content\/uploads\/2024\/02\/Golf-en-costa-del-sol-1536x691.jpg 1536w\" sizes=\"(max-width: 1920px) 100vw, 1920px\" \/><\/div><\/a>\n\t\t\t\t<div class=\"elementor-post__text\">\n\t\t\t\t<h3 class=\"elementor-post__title\">\n\t\t\t<a href=\"https:\/\/www.alfrescostays.com\/blog\/golf-costa-del-sol\/\" >\n\t\t\t\tCursos de Golf y Los 10 Mejores Campos de Golf en la Costa del Sol\t\t\t<\/a>\n\t\t<\/h3>\n\t\t\t\t<\/div>\n\t\t\t\t\t<\/div>\n\t\t<\/article>\n\t\t\t\t<\/div>\n\t\t\n\t\t\t\t\t\t<\/div>\n\t\t\t\t<\/div>\n\t\t\t\t<\/div>\n\t\t\t\t\t<\/div>\n\t\t\t\t<\/div>\n\t\t<div class=\"elementor-element elementor-element-ecdbde9 e-flex e-con-boxed e-con e-parent\" data-id=\"ecdbde9\" data-element_type=\"container\" data-e-type=\"container\" id=\"actividades\">\n\t\t\t\t\t<div class=\"e-con-inner\">\n\t\t<div class=\"elementor-element elementor-element-35eaad4 e-con-full e-flex e-con e-child\" data-id=\"35eaad4\" data-element_type=\"container\" data-e-type=\"container\">\n\t\t\t\t<div class=\"elementor-element elementor-element-d5a8d81 elementor-widget elementor-widget-heading\" data-id=\"d5a8d81\" data-element_type=\"widget\" data-e-type=\"widget\" data-widget_type=\"heading.default\">\n\t\t\t\t<div class=\"elementor-widget-container\">\n\t\t\t\t\t<h2 class=\"elementor-heading-title elementor-size-default\">Vive experiencias \u00fanicas en la Costa del Sol<\/h2>\t\t\t\t<\/div>\n\t\t\t\t<\/div>\n\t\t\t\t<div class=\"elementor-element elementor-element-5b01c5d elementor-widget elementor-widget-text-editor\" data-id=\"5b01c5d\" data-element_type=\"widget\" data-e-type=\"widget\" data-widget_type=\"text-editor.default\">\n\t\t\t\t<div class=\"elementor-widget-container\">\n\t\t\t\t\t\t\t\t\t<p>Descubre actividades <strong>para todos los gustos<\/strong>, ya sea explorando la naturaleza, sumergi\u00e9ndote en la historia o disfrutando del ocio nocturno. \u00bfListo para vivir momentos inolvidables?\u00a0<\/p>\t\t\t\t\t\t\t\t<\/div>\n\t\t\t\t<\/div>\n\t\t\t\t<div class=\"elementor-element elementor-element-0aeba42 elementor-widget elementor-widget-button\" data-id=\"0aeba42\" data-element_type=\"widget\" data-e-type=\"widget\" data-widget_type=\"button.default\">\n\t\t\t\t<div class=\"elementor-widget-container\">\n\t\t\t\t\t\t\t\t\t<div class=\"elementor-button-wrapper\">\n\t\t\t\t\t<a class=\"elementor-button elementor-button-link elementor-size-sm\" href=\"https:\/\/www.alfrescostays.com\/blog\/category\/actividades-costa-del-sol\/\">\n\t\t\t\t\t\t<span class=\"elementor-button-content-wrapper\">\n\t\t\t\t\t\t\t\t\t<span class=\"elementor-button-text\">Descubre!<\/span>\n\t\t\t\t\t<\/span>\n\t\t\t\t\t<\/a>\n\t\t\t\t<\/div>\n\t\t\t\t\t\t\t\t<\/div>\n\t\t\t\t<\/div>\n\t\t\t\t<\/div>\n\t\t<div class=\"elementor-element elementor-element-58d2c97 e-con-full e-flex e-con e-child\" data-id=\"58d2c97\" data-element_type=\"container\" data-e-type=\"container\">\n\t\t\t\t<div class=\"elementor-element elementor-element-287ff54 elementor-grid-3 elementor-grid-tablet-2 elementor-grid-mobile-1 elementor-posts--thumbnail-top elementor-card-shadow-yes elementor-posts__hover-gradient load-more-align-center elementor-widget elementor-widget-posts\" data-id=\"287ff54\" data-element_type=\"widget\" data-e-type=\"widget\" data-settings=\"{&quot;cards_row_gap&quot;:{&quot;unit&quot;:&quot;px&quot;,&quot;size&quot;:20,&quot;sizes&quot;:[]},&quot;pagination_type&quot;:&quot;load_more_on_click&quot;,&quot;cards_columns&quot;:&quot;3&quot;,&quot;cards_columns_tablet&quot;:&quot;2&quot;,&quot;cards_columns_mobile&quot;:&quot;1&quot;,&quot;cards_row_gap_tablet&quot;:{&quot;unit&quot;:&quot;px&quot;,&quot;size&quot;:&quot;&quot;,&quot;sizes&quot;:[]},&quot;cards_row_gap_mobile&quot;:{&quot;unit&quot;:&quot;px&quot;,&quot;size&quot;:&quot;&quot;,&quot;sizes&quot;:[]},&quot;load_more_spinner&quot;:{&quot;value&quot;:&quot;fas fa-spinner&quot;,&quot;library&quot;:&quot;fa-solid&quot;}}\" data-widget_type=\"posts.cards\">\n\t\t\t\t<div class=\"elementor-widget-container\">\n\t\t\t\t\t\t\t<div class=\"elementor-posts-container elementor-posts elementor-posts--skin-cards elementor-grid\" role=\"list\">\n\t\t\t\t<article class=\"elementor-post elementor-grid-item post-4347 post type-post status-publish format-standard has-post-thumbnail hentry category-actividades-costa-del-sol category-costa-del-sol\" role=\"listitem\">\n\t\t\t<div class=\"elementor-post__card\">\n\t\t\t\t<a class=\"elementor-post__thumbnail__link\" href=\"https:\/\/www.alfrescostays.com\/blog\/castillo-el-bil-bil\/\" tabindex=\"-1\" ><div class=\"elementor-post__thumbnail\"><img loading=\"lazy\" decoding=\"async\" width=\"680\" height=\"510\" src=\"https:\/\/www.alfrescostays.com\/blog\/wp-content\/uploads\/2025\/12\/Castilo-El-Bil-Bil-Costa-del-Sol-visitar.webp\" class=\"attachment-large size-large wp-image-4368\" alt=\"Castilo El Bil Bil Costa del Sol visitar\" srcset=\"https:\/\/www.alfrescostays.com\/blog\/wp-content\/uploads\/2025\/12\/Castilo-El-Bil-Bil-Costa-del-Sol-visitar.webp 680w, https:\/\/www.alfrescostays.com\/blog\/wp-content\/uploads\/2025\/12\/Castilo-El-Bil-Bil-Costa-del-Sol-visitar-300x225.webp 300w\" sizes=\"(max-width: 680px) 100vw, 680px\" \/><\/div><\/a>\n\t\t\t\t<div class=\"elementor-post__text\">\n\t\t\t\t<h3 class=\"elementor-post__title\">\n\t\t\t<a href=\"https:\/\/www.alfrescostays.com\/blog\/castillo-el-bil-bil\/\" >\n\t\t\t\tUn lugar con mucho encanto: el Castillo de El Bil-Bil\t\t\t<\/a>\n\t\t<\/h3>\n\t\t\t\t<\/div>\n\t\t\t\t\t<\/div>\n\t\t<\/article>\n\t\t\t\t<article class=\"elementor-post elementor-grid-item post-2868 post type-post status-publish format-standard has-post-thumbnail hentry category-actividades-costa-del-sol category-benalmadena category-playas-costa-del-sol category-pueblos-costa-del-sol\" role=\"listitem\">\n\t\t\t<div class=\"elementor-post__card\">\n\t\t\t\t<a class=\"elementor-post__thumbnail__link\" href=\"https:\/\/www.alfrescostays.com\/blog\/chiringuitos-benalmadena\/\" tabindex=\"-1\" ><div class=\"elementor-post__thumbnail\"><img loading=\"lazy\" decoding=\"async\" width=\"800\" height=\"312\" src=\"https:\/\/www.alfrescostays.com\/blog\/wp-content\/uploads\/2025\/03\/chiringuitos-benalmadena-1024x399.jpg\" class=\"attachment-large size-large wp-image-2881\" alt=\"chiringuitos benalm\u00e1dena\" srcset=\"https:\/\/www.alfrescostays.com\/blog\/wp-content\/uploads\/2025\/03\/chiringuitos-benalmadena-1024x399.jpg 1024w, https:\/\/www.alfrescostays.com\/blog\/wp-content\/uploads\/2025\/03\/chiringuitos-benalmadena-300x117.jpg 300w, https:\/\/www.alfrescostays.com\/blog\/wp-content\/uploads\/2025\/03\/chiringuitos-benalmadena-768x299.jpg 768w, https:\/\/www.alfrescostays.com\/blog\/wp-content\/uploads\/2025\/03\/chiringuitos-benalmadena-1536x598.jpg 1536w, https:\/\/www.alfrescostays.com\/blog\/wp-content\/uploads\/2025\/03\/chiringuitos-benalmadena.jpg 1920w\" sizes=\"(max-width: 800px) 100vw, 800px\" \/><\/div><\/a>\n\t\t\t\t<div class=\"elementor-post__text\">\n\t\t\t\t<h3 class=\"elementor-post__title\">\n\t\t\t<a href=\"https:\/\/www.alfrescostays.com\/blog\/chiringuitos-benalmadena\/\" >\n\t\t\t\tEstos son los mejores chiringuitos de Benalm\u00e1dena\t\t\t<\/a>\n\t\t<\/h3>\n\t\t\t\t<\/div>\n\t\t\t\t\t<\/div>\n\t\t<\/article>\n\t\t\t\t<article class=\"elementor-post elementor-grid-item post-2335 post type-post status-publish format-standard has-post-thumbnail hentry category-actividades-costa-del-sol category-mijas-costa category-pueblos-costa-del-sol\" role=\"listitem\">\n\t\t\t<div class=\"elementor-post__card\">\n\t\t\t\t<a class=\"elementor-post__thumbnail__link\" href=\"https:\/\/www.alfrescostays.com\/blog\/paseo-burro-mijas\/\" tabindex=\"-1\" ><div class=\"elementor-post__thumbnail\"><img loading=\"lazy\" decoding=\"async\" width=\"800\" height=\"263\" src=\"https:\/\/www.alfrescostays.com\/blog\/wp-content\/uploads\/2025\/01\/Paseo-burro-mijas-malaga-1920x630.jpg\" class=\"attachment-large size-large wp-image-2359\" alt=\"Paseo burro mijas malaga\" \/><\/div><\/a>\n\t\t\t\t<div class=\"elementor-post__text\">\n\t\t\t\t<h3 class=\"elementor-post__title\">\n\t\t\t<a href=\"https:\/\/www.alfrescostays.com\/blog\/paseo-burro-mijas\/\" >\n\t\t\t\tDisfruta de un paseo en burro en Mijas\t\t\t<\/a>\n\t\t<\/h3>\n\t\t\t\t<\/div>\n\t\t\t\t\t<\/div>\n\t\t<\/article>\n\t\t\t\t<\/div>\n\t\t\t\t\t<span class=\"e-load-more-spinner\">\n\t\t\t\t<svg aria-hidden=\"true\" class=\"e-font-icon-svg e-fas-spinner\" viewBox=\"0 0 512 512\" xmlns=\"http:\/\/www.w3.org\/2000\/svg\"><path d=\"M304 48c0 26.51-21.49 48-48 48s-48-21.49-48-48 21.49-48 48-48 48 21.49 48 48zm-48 368c-26.51 0-48 21.49-48 48s21.49 48 48 48 48-21.49 48-48-21.49-48-48-48zm208-208c-26.51 0-48 21.49-48 48s21.49 48 48 48 48-21.49 48-48-21.49-48-48-48zM96 256c0-26.51-21.49-48-48-48S0 229.49 0 256s21.49 48 48 48 48-21.49 48-48zm12.922 99.078c-26.51 0-48 21.49-48 48s21.49 48 48 48 48-21.49 48-48c0-26.509-21.491-48-48-48zm294.156 0c-26.51 0-48 21.49-48 48s21.49 48 48 48 48-21.49 48-48c0-26.509-21.49-48-48-48zM108.922 60.922c-26.51 0-48 21.49-48 48s21.49 48 48 48 48-21.49 48-48-21.491-48-48-48z\"><\/path><\/svg>\t\t\t<\/span>\n\t\t\n\t\t\t\t<div class=\"e-load-more-anchor\" data-page=\"1\" data-max-page=\"4\" data-next-page=\"https:\/\/www.alfrescostays.com\/blog\/wp-json\/wp\/v2\/pages\/16\/page\/2\/\"><\/div>\n\t\t\t\t<div class=\"elementor-button-wrapper\">\n\t\t\t<a class=\"elementor-button elementor-size-sm\" role=\"button\">\n\t\t\t\t\t\t<span class=\"elementor-button-content-wrapper\">\n\t\t\t\t\t\t\t\t\t<span class=\"elementor-button-text\">Cargar m\u00e1s<\/span>\n\t\t\t\t\t<\/span>\n\t\t\t\t\t<\/a>\n\t\t<\/div>\n\t\t\t\t<div class=\"e-load-more-message\"><\/div>\n\t\t\t\t\t\t<\/div>\n\t\t\t\t<\/div>\n\t\t\t\t<\/div>\n\t\t\t\t\t<\/div>\n\t\t\t\t<\/div>\n\t\t<div class=\"elementor-element elementor-element-5f950db e-flex e-con-boxed e-con e-parent\" data-id=\"5f950db\" data-element_type=\"container\" data-e-type=\"container\" id=\"event\">\n\t\t\t\t\t<div class=\"e-con-inner\">\n\t\t<div class=\"elementor-element elementor-element-e583231 e-con-full e-flex e-con e-child\" data-id=\"e583231\" data-element_type=\"container\" data-e-type=\"container\">\n\t\t\t\t<div class=\"elementor-element elementor-element-310e031 elementor-widget elementor-widget-heading\" data-id=\"310e031\" data-element_type=\"widget\" data-e-type=\"widget\" data-widget_type=\"heading.default\">\n\t\t\t\t<div class=\"elementor-widget-container\">\n\t\t\t\t\t<h2 class=\"elementor-heading-title elementor-size-default\">Los eventos ic\u00f3nicos de la Costa del Sol<\/h2>\t\t\t\t<\/div>\n\t\t\t\t<\/div>\n\t\t\t\t<div class=\"elementor-element elementor-element-62d3616 elementor-widget elementor-widget-text-editor\" data-id=\"62d3616\" data-element_type=\"widget\" data-e-type=\"widget\" data-widget_type=\"text-editor.default\">\n\t\t\t\t<div class=\"elementor-widget-container\">\n\t\t\t\t\t\t\t\t\t<p>La Costa del Sol es un destino vibrante donde siempre hay algo que celebrar. <strong>Desde festivales de m\u00fasica y ferias tradicionales<\/strong> hasta eventos deportivos y experiencias gastron\u00f3micas, cada temporada trae consigo momentos inolvidables.<\/p>\t\t\t\t\t\t\t\t<\/div>\n\t\t\t\t<\/div>\n\t\t\t\t<div class=\"elementor-element elementor-element-26b5851 elementor-widget elementor-widget-button\" data-id=\"26b5851\" data-element_type=\"widget\" data-e-type=\"widget\" data-widget_type=\"button.default\">\n\t\t\t\t<div class=\"elementor-widget-container\">\n\t\t\t\t\t\t\t\t\t<div class=\"elementor-button-wrapper\">\n\t\t\t\t\t<a class=\"elementor-button elementor-button-link elementor-size-sm\" href=\"https:\/\/www.alfrescostays.com\/blog\/category\/eventos-costa-del-sol\/\">\n\t\t\t\t\t\t<span class=\"elementor-button-content-wrapper\">\n\t\t\t\t\t\t\t\t\t<span class=\"elementor-button-text\">Descubre!<\/span>\n\t\t\t\t\t<\/span>\n\t\t\t\t\t<\/a>\n\t\t\t\t<\/div>\n\t\t\t\t\t\t\t\t<\/div>\n\t\t\t\t<\/div>\n\t\t\t\t<\/div>\n\t\t<div class=\"elementor-element elementor-element-c70e9f2 e-con-full e-flex e-con e-child\" data-id=\"c70e9f2\" data-element_type=\"container\" data-e-type=\"container\">\n\t\t\t\t<div class=\"elementor-element elementor-element-9f5b267 elementor-grid-3 elementor-grid-tablet-2 elementor-grid-mobile-1 elementor-posts--thumbnail-top elementor-card-shadow-yes elementor-posts__hover-gradient load-more-align-center elementor-widget elementor-widget-posts\" data-id=\"9f5b267\" data-element_type=\"widget\" data-e-type=\"widget\" data-settings=\"{&quot;cards_row_gap&quot;:{&quot;unit&quot;:&quot;px&quot;,&quot;size&quot;:20,&quot;sizes&quot;:[]},&quot;pagination_type&quot;:&quot;load_more_on_click&quot;,&quot;cards_columns&quot;:&quot;3&quot;,&quot;cards_columns_tablet&quot;:&quot;2&quot;,&quot;cards_columns_mobile&quot;:&quot;1&quot;,&quot;cards_row_gap_tablet&quot;:{&quot;unit&quot;:&quot;px&quot;,&quot;size&quot;:&quot;&quot;,&quot;sizes&quot;:[]},&quot;cards_row_gap_mobile&quot;:{&quot;unit&quot;:&quot;px&quot;,&quot;size&quot;:&quot;&quot;,&quot;sizes&quot;:[]},&quot;load_more_spinner&quot;:{&quot;value&quot;:&quot;fas fa-spinner&quot;,&quot;library&quot;:&quot;fa-solid&quot;}}\" data-widget_type=\"posts.cards\">\n\t\t\t\t<div class=\"elementor-widget-container\">\n\t\t\t\t\t\t\t<div class=\"elementor-posts-container elementor-posts elementor-posts--skin-cards elementor-grid\" role=\"list\">\n\t\t\t\t<article class=\"elementor-post elementor-grid-item post-3223 post type-post status-publish format-standard has-post-thumbnail hentry category-eventos-costa-del-sol category-mijas-costa category-pueblos-costa-del-sol\" role=\"listitem\">\n\t\t\t<div class=\"elementor-post__card\">\n\t\t\t\t<a class=\"elementor-post__thumbnail__link\" href=\"https:\/\/www.alfrescostays.com\/blog\/feria-de-fuengirola\/\" tabindex=\"-1\" ><div class=\"elementor-post__thumbnail\"><img loading=\"lazy\" decoding=\"async\" width=\"800\" height=\"266\" src=\"https:\/\/www.alfrescostays.com\/blog\/wp-content\/uploads\/2025\/05\/feria-fuengirola-1024x341.jpg\" class=\"attachment-large size-large wp-image-3235\" alt=\"feria-fuengirola.jpg\" srcset=\"https:\/\/www.alfrescostays.com\/blog\/wp-content\/uploads\/2025\/05\/feria-fuengirola-1024x341.jpg 1024w, https:\/\/www.alfrescostays.com\/blog\/wp-content\/uploads\/2025\/05\/feria-fuengirola-300x100.jpg 300w, https:\/\/www.alfrescostays.com\/blog\/wp-content\/uploads\/2025\/05\/feria-fuengirola-768x256.jpg 768w, https:\/\/www.alfrescostays.com\/blog\/wp-content\/uploads\/2025\/05\/feria-fuengirola-1536x512.jpg 1536w, https:\/\/www.alfrescostays.com\/blog\/wp-content\/uploads\/2025\/05\/feria-fuengirola.jpg 1999w\" sizes=\"(max-width: 800px) 100vw, 800px\" \/><\/div><\/a>\n\t\t\t\t<div class=\"elementor-post__text\">\n\t\t\t\t<h3 class=\"elementor-post__title\">\n\t\t\t<a href=\"https:\/\/www.alfrescostays.com\/blog\/feria-de-fuengirola\/\" >\n\t\t\t\tFeria de Fuengirola 2025: una fiesta de tradici\u00f3n y cultura andaluza\t\t\t<\/a>\n\t\t<\/h3>\n\t\t\t\t<\/div>\n\t\t\t\t\t<\/div>\n\t\t<\/article>\n\t\t\t\t<article class=\"elementor-post elementor-grid-item post-771 post type-post status-publish format-standard has-post-thumbnail hentry category-costa-del-sol category-eventos-costa-del-sol\" role=\"listitem\">\n\t\t\t<div class=\"elementor-post__card\">\n\t\t\t\t<a class=\"elementor-post__thumbnail__link\" href=\"https:\/\/www.alfrescostays.com\/blog\/boombastic-costa-del-sol\/\" tabindex=\"-1\" ><div class=\"elementor-post__thumbnail\"><img loading=\"lazy\" decoding=\"async\" width=\"800\" height=\"263\" src=\"https:\/\/www.alfrescostays.com\/blog\/wp-content\/uploads\/2024\/04\/Boombastic-2024-1920x630.jpg\" class=\"attachment-large size-large wp-image-792\" alt=\"boombastic 2025 costa del sol estepona\" \/><\/div><\/a>\n\t\t\t\t<div class=\"elementor-post__text\">\n\t\t\t\t<h3 class=\"elementor-post__title\">\n\t\t\t<a href=\"https:\/\/www.alfrescostays.com\/blog\/boombastic-costa-del-sol\/\" >\n\t\t\t\tBoombastic Costa del Sol 2025: Ven a Vivir Estepona\t\t\t<\/a>\n\t\t<\/h3>\n\t\t\t\t<\/div>\n\t\t\t\t\t<\/div>\n\t\t<\/article>\n\t\t\t\t<article class=\"elementor-post elementor-grid-item post-2870 post type-post status-publish format-standard has-post-thumbnail hentry category-eventos-costa-del-sol\" role=\"listitem\">\n\t\t\t<div class=\"elementor-post__card\">\n\t\t\t\t<a class=\"elementor-post__thumbnail__link\" href=\"https:\/\/www.alfrescostays.com\/blog\/vinfast-ironman\/\" tabindex=\"-1\" ><div class=\"elementor-post__thumbnail\"><img loading=\"lazy\" decoding=\"async\" width=\"800\" height=\"266\" src=\"https:\/\/www.alfrescostays.com\/blog\/wp-content\/uploads\/2025\/03\/Vinfast-en-el-IRONMAN-70.3-1024x341.jpg\" class=\"attachment-large size-large wp-image-2895\" alt=\"Vinfast en el IRONMAN 70.3\" srcset=\"https:\/\/www.alfrescostays.com\/blog\/wp-content\/uploads\/2025\/03\/Vinfast-en-el-IRONMAN-70.3-1024x341.jpg 1024w, https:\/\/www.alfrescostays.com\/blog\/wp-content\/uploads\/2025\/03\/Vinfast-en-el-IRONMAN-70.3-300x100.jpg 300w, https:\/\/www.alfrescostays.com\/blog\/wp-content\/uploads\/2025\/03\/Vinfast-en-el-IRONMAN-70.3-768x256.jpg 768w, https:\/\/www.alfrescostays.com\/blog\/wp-content\/uploads\/2025\/03\/Vinfast-en-el-IRONMAN-70.3-1536x512.jpg 1536w, https:\/\/www.alfrescostays.com\/blog\/wp-content\/uploads\/2025\/03\/Vinfast-en-el-IRONMAN-70.3.jpg 1920w\" sizes=\"(max-width: 800px) 100vw, 800px\" \/><\/div><\/a>\n\t\t\t\t<div class=\"elementor-post__text\">\n\t\t\t\t<h3 class=\"elementor-post__title\">\n\t\t\t<a href=\"https:\/\/www.alfrescostays.com\/blog\/vinfast-ironman\/\" >\n\t\t\t\tVinFast IRONMAN: una prueba para los m\u00e1s fuertes\t\t\t<\/a>\n\t\t<\/h3>\n\t\t\t\t<\/div>\n\t\t\t\t\t<\/div>\n\t\t<\/article>\n\t\t\t\t<\/div>\n\t\t\t\t\t<span class=\"e-load-more-spinner\">\n\t\t\t\t<svg aria-hidden=\"true\" class=\"e-font-icon-svg e-fas-spinner\" viewBox=\"0 0 512 512\" xmlns=\"http:\/\/www.w3.org\/2000\/svg\"><path d=\"M304 48c0 26.51-21.49 48-48 48s-48-21.49-48-48 21.49-48 48-48 48 21.49 48 48zm-48 368c-26.51 0-48 21.49-48 48s21.49 48 48 48 48-21.49 48-48-21.49-48-48-48zm208-208c-26.51 0-48 21.49-48 48s21.49 48 48 48 48-21.49 48-48-21.49-48-48-48zM96 256c0-26.51-21.49-48-48-48S0 229.49 0 256s21.49 48 48 48 48-21.49 48-48zm12.922 99.078c-26.51 0-48 21.49-48 48s21.49 48 48 48 48-21.49 48-48c0-26.509-21.491-48-48-48zm294.156 0c-26.51 0-48 21.49-48 48s21.49 48 48 48 48-21.49 48-48c0-26.509-21.49-48-48-48zM108.922 60.922c-26.51 0-48 21.49-48 48s21.49 48 48 48 48-21.49 48-48-21.491-48-48-48z\"><\/path><\/svg>\t\t\t<\/span>\n\t\t\n\t\t\t\t<div class=\"e-load-more-anchor\" data-page=\"1\" data-max-page=\"2\" data-next-page=\"https:\/\/www.alfrescostays.com\/blog\/wp-json\/wp\/v2\/pages\/16\/page\/2\/\"><\/div>\n\t\t\t\t<div class=\"elementor-button-wrapper\">\n\t\t\t<a class=\"elementor-button elementor-size-sm\" role=\"button\">\n\t\t\t\t\t\t<span class=\"elementor-button-content-wrapper\">\n\t\t\t\t\t\t\t\t\t<span class=\"elementor-button-text\">Cargar m\u00e1s<\/span>\n\t\t\t\t\t<\/span>\n\t\t\t\t\t<\/a>\n\t\t<\/div>\n\t\t\t\t<div class=\"e-load-more-message\"><\/div>\n\t\t\t\t\t\t<\/div>\n\t\t\t\t<\/div>\n\t\t\t\t<\/div>\n\t\t\t\t\t<\/div>\n\t\t\t\t<\/div>\n\t\t<div class=\"elementor-element elementor-element-c696a9a e-flex e-con-boxed e-con e-parent\" data-id=\"c696a9a\" data-element_type=\"container\" data-e-type=\"container\" id=\"costa\">\n\t\t\t\t\t<div class=\"e-con-inner\">\n\t\t\t\t<div class=\"elementor-element elementor-element-ce90f9f elementor-widget elementor-widget-heading\" data-id=\"ce90f9f\" data-element_type=\"widget\" data-e-type=\"widget\" data-widget_type=\"heading.default\">\n\t\t\t\t<div class=\"elementor-widget-container\">\n\t\t\t\t\t<h2 class=\"elementor-heading-title elementor-size-default\">Todo sobre la Costa del Sol<\/h2>\t\t\t\t<\/div>\n\t\t\t\t<\/div>\n\t\t\t\t<div class=\"elementor-element elementor-element-151e588 elementor-widget elementor-widget-text-editor\" data-id=\"151e588\" data-element_type=\"widget\" data-e-type=\"widget\" data-widget_type=\"text-editor.default\">\n\t\t\t\t<div class=\"elementor-widget-container\">\n\t\t\t\t\t\t\t\t\t<p>Ya sea que busques relax, aventura o una experiencia llena de historia y tradici\u00f3n, aqu\u00ed encontrar\u00e1s el plan perfecto. \u00bfListo para descubrir la magia de la Costa del Sol? <a href=\"https:\/\/www.alfrescostays.com\/blog\/category\/costa-del-sol\/\" target=\"_blank\" rel=\"noopener\"><strong>Ven y v\u00edvelo por ti mismo!<\/strong><\/a><\/p>\t\t\t\t\t\t\t\t<\/div>\n\t\t\t\t<\/div>\n\t\t\t\t<div class=\"elementor-element elementor-element-3e36000 elementor-grid-4 elementor-grid-tablet-2 elementor-grid-mobile-1 elementor-posts--thumbnail-top elementor-card-shadow-yes elementor-posts__hover-gradient elementor-widget elementor-widget-posts\" data-id=\"3e36000\" data-element_type=\"widget\" data-e-type=\"widget\" data-settings=\"{&quot;cards_columns&quot;:&quot;4&quot;,&quot;cards_row_gap&quot;:{&quot;unit&quot;:&quot;px&quot;,&quot;size&quot;:20,&quot;sizes&quot;:[]},&quot;cards_columns_tablet&quot;:&quot;2&quot;,&quot;cards_columns_mobile&quot;:&quot;1&quot;,&quot;cards_row_gap_tablet&quot;:{&quot;unit&quot;:&quot;px&quot;,&quot;size&quot;:&quot;&quot;,&quot;sizes&quot;:[]},&quot;cards_row_gap_mobile&quot;:{&quot;unit&quot;:&quot;px&quot;,&quot;size&quot;:&quot;&quot;,&quot;sizes&quot;:[]}}\" data-widget_type=\"posts.cards\">\n\t\t\t\t<div class=\"elementor-widget-container\">\n\t\t\t\t\t\t\t<div class=\"elementor-posts-container elementor-posts elementor-posts--skin-cards elementor-grid\" role=\"list\">\n\t\t\t\t<article class=\"elementor-post elementor-grid-item post-4473 post type-post status-publish format-standard has-post-thumbnail hentry category-costa-del-sol\" role=\"listitem\">\n\t\t\t<div class=\"elementor-post__card\">\n\t\t\t\t<a class=\"elementor-post__thumbnail__link\" href=\"https:\/\/www.alfrescostays.com\/blog\/costa-del-sol-abril\/\" tabindex=\"-1\" ><div class=\"elementor-post__thumbnail\"><img loading=\"lazy\" decoding=\"async\" width=\"300\" height=\"169\" src=\"https:\/\/www.alfrescostays.com\/blog\/wp-content\/uploads\/2026\/02\/abrl-costa-del-sol-300x169.jpg\" class=\"attachment-medium size-medium wp-image-4526\" alt=\"\" srcset=\"https:\/\/www.alfrescostays.com\/blog\/wp-content\/uploads\/2026\/02\/abrl-costa-del-sol-300x169.jpg 300w, https:\/\/www.alfrescostays.com\/blog\/wp-content\/uploads\/2026\/02\/abrl-costa-del-sol-1024x576.jpg 1024w, https:\/\/www.alfrescostays.com\/blog\/wp-content\/uploads\/2026\/02\/abrl-costa-del-sol-768x432.jpg 768w, https:\/\/www.alfrescostays.com\/blog\/wp-content\/uploads\/2026\/02\/abrl-costa-del-sol.jpg 1253w\" sizes=\"(max-width: 300px) 100vw, 300px\" \/><\/div><\/a>\n\t\t\t\t<div class=\"elementor-post__text\">\n\t\t\t\t<h3 class=\"elementor-post__title\">\n\t\t\t<a href=\"https:\/\/www.alfrescostays.com\/blog\/costa-del-sol-abril\/\" >\n\t\t\t\t\u00bfC\u00f3mo es el tiempo en la Costa del Sol en abril?\t\t\t<\/a>\n\t\t<\/h3>\n\t\t\t\t<\/div>\n\t\t\t\t\t<\/div>\n\t\t<\/article>\n\t\t\t\t<article class=\"elementor-post elementor-grid-item post-4387 post type-post status-publish format-standard has-post-thumbnail hentry category-costa-del-sol\" role=\"listitem\">\n\t\t\t<div class=\"elementor-post__card\">\n\t\t\t\t<a class=\"elementor-post__thumbnail__link\" href=\"https:\/\/www.alfrescostays.com\/blog\/costa-del-sol-en-marzo\/\" tabindex=\"-1\" ><div class=\"elementor-post__thumbnail\"><img loading=\"lazy\" decoding=\"async\" width=\"300\" height=\"169\" src=\"https:\/\/www.alfrescostays.com\/blog\/wp-content\/uploads\/2026\/01\/costa-del-sol-en-marzo-300x169.jpg\" class=\"attachment-medium size-medium wp-image-4400\" alt=\"costa-del-sol-en-marzo.jpg\" srcset=\"https:\/\/www.alfrescostays.com\/blog\/wp-content\/uploads\/2026\/01\/costa-del-sol-en-marzo-300x169.jpg 300w, https:\/\/www.alfrescostays.com\/blog\/wp-content\/uploads\/2026\/01\/costa-del-sol-en-marzo-1024x576.jpg 1024w, https:\/\/www.alfrescostays.com\/blog\/wp-content\/uploads\/2026\/01\/costa-del-sol-en-marzo-768x432.jpg 768w, https:\/\/www.alfrescostays.com\/blog\/wp-content\/uploads\/2026\/01\/costa-del-sol-en-marzo.jpg 1254w\" sizes=\"(max-width: 300px) 100vw, 300px\" \/><\/div><\/a>\n\t\t\t\t<div class=\"elementor-post__text\">\n\t\t\t\t<h3 class=\"elementor-post__title\">\n\t\t\t<a href=\"https:\/\/www.alfrescostays.com\/blog\/costa-del-sol-en-marzo\/\" >\n\t\t\t\tLos placeres de la Costa del sol en marzo\t\t\t<\/a>\n\t\t<\/h3>\n\t\t\t\t<\/div>\n\t\t\t\t\t<\/div>\n\t\t<\/article>\n\t\t\t\t<article class=\"elementor-post elementor-grid-item post-4342 post type-post status-publish format-standard has-post-thumbnail hentry category-costa-del-sol\" role=\"listitem\">\n\t\t\t<div class=\"elementor-post__card\">\n\t\t\t\t<a class=\"elementor-post__thumbnail__link\" href=\"https:\/\/www.alfrescostays.com\/blog\/costa-del-sol-en-febrero\/\" tabindex=\"-1\" ><div class=\"elementor-post__thumbnail\"><img loading=\"lazy\" decoding=\"async\" width=\"300\" height=\"169\" src=\"https:\/\/www.alfrescostays.com\/blog\/wp-content\/uploads\/2025\/12\/que-ver-costa-del-sol-en-febrero-300x169.jpg\" class=\"attachment-medium size-medium wp-image-4378\" alt=\"que-ver-costa-del-sol-en-febrero.jpg\" srcset=\"https:\/\/www.alfrescostays.com\/blog\/wp-content\/uploads\/2025\/12\/que-ver-costa-del-sol-en-febrero-300x169.jpg 300w, https:\/\/www.alfrescostays.com\/blog\/wp-content\/uploads\/2025\/12\/que-ver-costa-del-sol-en-febrero-1024x576.jpg 1024w, https:\/\/www.alfrescostays.com\/blog\/wp-content\/uploads\/2025\/12\/que-ver-costa-del-sol-en-febrero-768x432.jpg 768w, https:\/\/www.alfrescostays.com\/blog\/wp-content\/uploads\/2025\/12\/que-ver-costa-del-sol-en-febrero.jpg 1254w\" sizes=\"(max-width: 300px) 100vw, 300px\" \/><\/div><\/a>\n\t\t\t\t<div class=\"elementor-post__text\">\n\t\t\t\t<h3 class=\"elementor-post__title\">\n\t\t\t<a href=\"https:\/\/www.alfrescostays.com\/blog\/costa-del-sol-en-febrero\/\" >\n\t\t\t\tViaja a tu ritmo: la Costa del Sol en febrero\t\t\t<\/a>\n\t\t<\/h3>\n\t\t\t\t<\/div>\n\t\t\t\t\t<\/div>\n\t\t<\/article>\n\t\t\t\t<article class=\"elementor-post elementor-grid-item post-4347 post type-post status-publish format-standard has-post-thumbnail hentry category-actividades-costa-del-sol category-costa-del-sol\" role=\"listitem\">\n\t\t\t<div class=\"elementor-post__card\">\n\t\t\t\t<a class=\"elementor-post__thumbnail__link\" href=\"https:\/\/www.alfrescostays.com\/blog\/castillo-el-bil-bil\/\" tabindex=\"-1\" ><div class=\"elementor-post__thumbnail\"><img loading=\"lazy\" decoding=\"async\" width=\"300\" height=\"225\" src=\"https:\/\/www.alfrescostays.com\/blog\/wp-content\/uploads\/2025\/12\/Castilo-El-Bil-Bil-Costa-del-Sol-visitar-300x225.webp\" class=\"attachment-medium size-medium wp-image-4368\" alt=\"Castilo El Bil Bil Costa del Sol visitar\" srcset=\"https:\/\/www.alfrescostays.com\/blog\/wp-content\/uploads\/2025\/12\/Castilo-El-Bil-Bil-Costa-del-Sol-visitar-300x225.webp 300w, https:\/\/www.alfrescostays.com\/blog\/wp-content\/uploads\/2025\/12\/Castilo-El-Bil-Bil-Costa-del-Sol-visitar.webp 680w\" sizes=\"(max-width: 300px) 100vw, 300px\" \/><\/div><\/a>\n\t\t\t\t<div class=\"elementor-post__text\">\n\t\t\t\t<h3 class=\"elementor-post__title\">\n\t\t\t<a href=\"https:\/\/www.alfrescostays.com\/blog\/castillo-el-bil-bil\/\" >\n\t\t\t\tUn lugar con mucho encanto: el Castillo de El Bil-Bil\t\t\t<\/a>\n\t\t<\/h3>\n\t\t\t\t<\/div>\n\t\t\t\t\t<\/div>\n\t\t<\/article>\n\t\t\t\t<article class=\"elementor-post elementor-grid-item post-4253 post type-post status-publish format-standard has-post-thumbnail hentry category-costa-del-sol\" role=\"listitem\">\n\t\t\t<div class=\"elementor-post__card\">\n\t\t\t\t<a class=\"elementor-post__thumbnail__link\" href=\"https:\/\/www.alfrescostays.com\/blog\/costa-del-sol-en-enero\/\" tabindex=\"-1\" ><div class=\"elementor-post__thumbnail\"><img loading=\"lazy\" decoding=\"async\" width=\"300\" height=\"169\" src=\"https:\/\/www.alfrescostays.com\/blog\/wp-content\/uploads\/2025\/11\/que-hacer-Costa-del-Sol-en-enero-300x169.jpg\" class=\"attachment-medium size-medium wp-image-4273\" alt=\"que hacer Costa del Sol en enero\" srcset=\"https:\/\/www.alfrescostays.com\/blog\/wp-content\/uploads\/2025\/11\/que-hacer-Costa-del-Sol-en-enero-300x169.jpg 300w, https:\/\/www.alfrescostays.com\/blog\/wp-content\/uploads\/2025\/11\/que-hacer-Costa-del-Sol-en-enero-1024x576.jpg 1024w, https:\/\/www.alfrescostays.com\/blog\/wp-content\/uploads\/2025\/11\/que-hacer-Costa-del-Sol-en-enero-768x432.jpg 768w, https:\/\/www.alfrescostays.com\/blog\/wp-content\/uploads\/2025\/11\/que-hacer-Costa-del-Sol-en-enero.jpg 1254w\" sizes=\"(max-width: 300px) 100vw, 300px\" \/><\/div><\/a>\n\t\t\t\t<div class=\"elementor-post__text\">\n\t\t\t\t<h3 class=\"elementor-post__title\">\n\t\t\t<a href=\"https:\/\/www.alfrescostays.com\/blog\/costa-del-sol-en-enero\/\" >\n\t\t\t\tLa suave luz de la Costa del Sol en enero\t\t\t<\/a>\n\t\t<\/h3>\n\t\t\t\t<\/div>\n\t\t\t\t\t<\/div>\n\t\t<\/article>\n\t\t\t\t<article class=\"elementor-post elementor-grid-item post-4138 post type-post status-publish format-standard has-post-thumbnail hentry category-costa-del-sol\" role=\"listitem\">\n\t\t\t<div class=\"elementor-post__card\">\n\t\t\t\t<a class=\"elementor-post__thumbnail__link\" href=\"https:\/\/www.alfrescostays.com\/blog\/costa-del-sol-diciembre\/\" tabindex=\"-1\" ><div class=\"elementor-post__thumbnail\"><img loading=\"lazy\" decoding=\"async\" width=\"300\" height=\"169\" src=\"https:\/\/www.alfrescostays.com\/blog\/wp-content\/uploads\/2025\/10\/Malaga-en-diciembre-300x169.jpg\" class=\"attachment-medium size-medium wp-image-4198\" alt=\"Malaga-en-diciembre.jpg\" srcset=\"https:\/\/www.alfrescostays.com\/blog\/wp-content\/uploads\/2025\/10\/Malaga-en-diciembre-300x169.jpg 300w, https:\/\/www.alfrescostays.com\/blog\/wp-content\/uploads\/2025\/10\/Malaga-en-diciembre-1024x576.jpg 1024w, https:\/\/www.alfrescostays.com\/blog\/wp-content\/uploads\/2025\/10\/Malaga-en-diciembre-768x432.jpg 768w, https:\/\/www.alfrescostays.com\/blog\/wp-content\/uploads\/2025\/10\/Malaga-en-diciembre.jpg 1254w\" sizes=\"(max-width: 300px) 100vw, 300px\" \/><\/div><\/a>\n\t\t\t\t<div class=\"elementor-post__text\">\n\t\t\t\t<h3 class=\"elementor-post__title\">\n\t\t\t<a href=\"https:\/\/www.alfrescostays.com\/blog\/costa-del-sol-diciembre\/\" >\n\t\t\t\tDescubre la Costa del Sol y M\u00e1laga en Diciembre\t\t\t<\/a>\n\t\t<\/h3>\n\t\t\t\t<\/div>\n\t\t\t\t\t<\/div>\n\t\t<\/article>\n\t\t\t\t<article class=\"elementor-post elementor-grid-item post-4026 post type-post status-publish format-standard has-post-thumbnail hentry category-alquiler-vacacional-costa-del-sol category-costa-del-sol category-pueblos-costa-del-sol\" role=\"listitem\">\n\t\t\t<div class=\"elementor-post__card\">\n\t\t\t\t<a class=\"elementor-post__thumbnail__link\" href=\"https:\/\/www.alfrescostays.com\/blog\/vacaciones-manilva\/\" tabindex=\"-1\" ><div class=\"elementor-post__thumbnail\"><img loading=\"lazy\" decoding=\"async\" width=\"300\" height=\"125\" src=\"https:\/\/www.alfrescostays.com\/blog\/wp-content\/uploads\/2025\/09\/iStock-1297933590-300x125.webp\" class=\"attachment-medium size-medium wp-image-4028\" alt=\"vacaciones en manilva costa del sol\" srcset=\"https:\/\/www.alfrescostays.com\/blog\/wp-content\/uploads\/2025\/09\/iStock-1297933590-300x125.webp 300w, https:\/\/www.alfrescostays.com\/blog\/wp-content\/uploads\/2025\/09\/iStock-1297933590-1024x427.webp 1024w, https:\/\/www.alfrescostays.com\/blog\/wp-content\/uploads\/2025\/09\/iStock-1297933590-768x320.webp 768w, https:\/\/www.alfrescostays.com\/blog\/wp-content\/uploads\/2025\/09\/iStock-1297933590-1536x640.webp 1536w, https:\/\/www.alfrescostays.com\/blog\/wp-content\/uploads\/2025\/09\/iStock-1297933590.webp 1920w\" sizes=\"(max-width: 300px) 100vw, 300px\" \/><\/div><\/a>\n\t\t\t\t<div class=\"elementor-post__text\">\n\t\t\t\t<h3 class=\"elementor-post__title\">\n\t\t\t<a href=\"https:\/\/www.alfrescostays.com\/blog\/vacaciones-manilva\/\" >\n\t\t\t\tVacaciones en Manilva\u200b\t\t\t<\/a>\n\t\t<\/h3>\n\t\t\t\t<\/div>\n\t\t\t\t\t<\/div>\n\t\t<\/article>\n\t\t\t\t<article class=\"elementor-post elementor-grid-item post-4012 post type-post status-publish format-standard has-post-thumbnail hentry category-costa-del-sol\" role=\"listitem\">\n\t\t\t<div class=\"elementor-post__card\">\n\t\t\t\t<a class=\"elementor-post__thumbnail__link\" href=\"https:\/\/www.alfrescostays.com\/blog\/como-llegar-mijas-costa\/\" tabindex=\"-1\" ><div class=\"elementor-post__thumbnail\"><img loading=\"lazy\" decoding=\"async\" width=\"300\" height=\"100\" src=\"https:\/\/www.alfrescostays.com\/blog\/wp-content\/uploads\/2025\/09\/como-llegar-mijas-costa-300x100.jpg\" class=\"attachment-medium size-medium wp-image-4107\" alt=\"\" srcset=\"https:\/\/www.alfrescostays.com\/blog\/wp-content\/uploads\/2025\/09\/como-llegar-mijas-costa-300x100.jpg 300w, https:\/\/www.alfrescostays.com\/blog\/wp-content\/uploads\/2025\/09\/como-llegar-mijas-costa-1024x341.jpg 1024w, https:\/\/www.alfrescostays.com\/blog\/wp-content\/uploads\/2025\/09\/como-llegar-mijas-costa-768x256.jpg 768w, https:\/\/www.alfrescostays.com\/blog\/wp-content\/uploads\/2025\/09\/como-llegar-mijas-costa-1536x512.jpg 1536w, https:\/\/www.alfrescostays.com\/blog\/wp-content\/uploads\/2025\/09\/como-llegar-mijas-costa-2048x683.jpg 2048w\" sizes=\"(max-width: 300px) 100vw, 300px\" \/><\/div><\/a>\n\t\t\t\t<div class=\"elementor-post__text\">\n\t\t\t\t<h3 class=\"elementor-post__title\">\n\t\t\t<a href=\"https:\/\/www.alfrescostays.com\/blog\/como-llegar-mijas-costa\/\" >\n\t\t\t\tEncanto en la Costa del Sol: te contamos como llegar a Mijas Costa\t\t\t<\/a>\n\t\t<\/h3>\n\t\t\t\t<\/div>\n\t\t\t\t\t<\/div>\n\t\t<\/article>\n\t\t\t\t<\/div>\n\t\t\n\t\t\t\t\t\t<\/div>\n\t\t\t\t<\/div>\n\t\t\t\t\t<\/div>\n\t\t\t\t<\/div>\n\t\t<div class=\"elementor-element elementor-element-84a1bb3 e-flex e-con-boxed e-con e-parent\" data-id=\"84a1bb3\" data-element_type=\"container\" data-e-type=\"container\">\n\t\t\t\t\t<div class=\"e-con-inner\">\n\t\t\t\t<div class=\"elementor-element elementor-element-fc5d03f elementor-widget elementor-widget-heading\" data-id=\"fc5d03f\" data-element_type=\"widget\" data-e-type=\"widget\" data-widget_type=\"heading.default\">\n\t\t\t\t<div class=\"elementor-widget-container\">\n\t\t\t\t\t<h2 class=\"elementor-heading-title elementor-size-default\">Nuestro alquiler vacacional en la Costa del Sol<\/h2>\t\t\t\t<\/div>\n\t\t\t\t<\/div>\n\t\t\t\t<div class=\"elementor-element elementor-element-055e32f elementor-widget elementor-widget-text-editor\" data-id=\"055e32f\" data-element_type=\"widget\" data-e-type=\"widget\" data-widget_type=\"text-editor.default\">\n\t\t\t\t<div class=\"elementor-widget-container\">\n\t\t\t\t\t\t\t\t\t<p>Disfruta de la Costa del Sol como nunca antes con el alquiler de una casa vacacional a tu medida. Desde apartamentos con vistas al mar hasta acogedores apartamentos con piscina en el coraz\u00f3n de pueblos con encanto, encontrar\u00e1s el <strong>lugar perfecto para tu escapada.\u00a0<\/strong><\/p>\t\t\t\t\t\t\t\t<\/div>\n\t\t\t\t<\/div>\n\t\t<div class=\"elementor-element elementor-element-996a9fc e-con-full e-flex e-con e-child\" data-id=\"996a9fc\" data-element_type=\"container\" data-e-type=\"container\" data-settings=\"{&quot;background_background&quot;:&quot;classic&quot;}\">\n\t\t\t\t<div class=\"elementor-element elementor-element-c8b35a7 elementor-widget elementor-widget-text-editor\" data-id=\"c8b35a7\" data-element_type=\"widget\" data-e-type=\"widget\" data-widget_type=\"text-editor.default\">\n\t\t\t\t<div class=\"elementor-widget-container\">\n\t\t\t\t\t\t\t\t\t<p><em>Te ofrecemos&#8230;<\/em><\/p>\t\t\t\t\t\t\t\t<\/div>\n\t\t\t\t<\/div>\n\t\t\t\t<div class=\"elementor-element elementor-element-f6877ba elementor-align-center elementor-widget elementor-widget-button\" data-id=\"f6877ba\" data-element_type=\"widget\" data-e-type=\"widget\" data-widget_type=\"button.default\">\n\t\t\t\t<div class=\"elementor-widget-container\">\n\t\t\t\t\t\t\t\t\t<div class=\"elementor-button-wrapper\">\n\t\t\t\t\t<a class=\"elementor-button elementor-button-link elementor-size-sm\" href=\"https:\/\/www.alfrescostays.com\/alojamientos-vacacionales-costa-del-sol\/\">\n\t\t\t\t\t\t<span class=\"elementor-button-content-wrapper\">\n\t\t\t\t\t\t\t\t\t<span class=\"elementor-button-text\">Alquiler vacacional en la Costa del Sol<\/span>\n\t\t\t\t\t<\/span>\n\t\t\t\t\t<\/a>\n\t\t\t\t<\/div>\n\t\t\t\t\t\t\t\t<\/div>\n\t\t\t\t<\/div>\n\t\t\t\t<div class=\"elementor-element elementor-element-e0ca5ef elementor-align-center elementor-widget elementor-widget-button\" data-id=\"e0ca5ef\" data-element_type=\"widget\" data-e-type=\"widget\" data-widget_type=\"button.default\">\n\t\t\t\t<div class=\"elementor-widget-container\">\n\t\t\t\t\t\t\t\t\t<div class=\"elementor-button-wrapper\">\n\t\t\t\t\t<a class=\"elementor-button elementor-button-link elementor-size-sm\" href=\"https:\/\/www.alfrescostays.com\/apartamentos-vacacionales-costa-del-sol\/\">\n\t\t\t\t\t\t<span class=\"elementor-button-content-wrapper\">\n\t\t\t\t\t\t\t\t\t<span class=\"elementor-button-text\">Apartamentos en la Costa del Sol<\/span>\n\t\t\t\t\t<\/span>\n\t\t\t\t\t<\/a>\n\t\t\t\t<\/div>\n\t\t\t\t\t\t\t\t<\/div>\n\t\t\t\t<\/div>\n\t\t\t\t<div class=\"elementor-element elementor-element-0bded49 elementor-align-center elementor-widget elementor-widget-button\" data-id=\"0bded49\" data-element_type=\"widget\" data-e-type=\"widget\" data-widget_type=\"button.default\">\n\t\t\t\t<div class=\"elementor-widget-container\">\n\t\t\t\t\t\t\t\t\t<div class=\"elementor-button-wrapper\">\n\t\t\t\t\t<a class=\"elementor-button elementor-button-link elementor-size-sm\" href=\"https:\/\/www.alfrescostays.com\/casas-vacaciones-costa-del-sol\/\">\n\t\t\t\t\t\t<span class=\"elementor-button-content-wrapper\">\n\t\t\t\t\t\t\t\t\t<span class=\"elementor-button-text\">Casas Vacacionales en la Costa del Sol<\/span>\n\t\t\t\t\t<\/span>\n\t\t\t\t\t<\/a>\n\t\t\t\t<\/div>\n\t\t\t\t\t\t\t\t<\/div>\n\t\t\t\t<\/div>\n\t\t\t\t<div class=\"elementor-element elementor-element-9403be7 elementor-widget elementor-widget-text-editor\" data-id=\"9403be7\" data-element_type=\"widget\" data-e-type=\"widget\" data-widget_type=\"text-editor.default\">\n\t\t\t\t<div class=\"elementor-widget-container\">\n\t\t\t\t\t\t\t\t\t<p><em>\u00a1Y mas y mas!<\/em><\/p>\t\t\t\t\t\t\t\t<\/div>\n\t\t\t\t<\/div>\n\t\t\t\t<\/div>\n\t\t\t\t\t<\/div>\n\t\t\t\t<\/div>\n\t\t\t\t<\/div>\n\t\t","protected":false},"excerpt":{"rendered":"<p>Descubre la Costa del Sol y las mejores experiencias de M\u00e1laga Explora la Costa del Sol a trav\u00e9s de nuestro blog de viajes, un destino<\/p>\n","protected":false},"author":3,"featured_media":2634,"parent":0,"menu_order":0,"comment_status":"closed","ping_status":"closed","template":"","meta":{"footnotes":""},"class_list":["post-16","page","type-page","status-publish","has-post-thumbnail","hentry"],"yoast_head":"<!-- This site is optimized with the Yoast SEO plugin v27.0 - https:\/\/yoast.com\/product\/yoast-seo-wordpress\/ -->\n<title>Vacaciones en la Costa del Sol - El Blog de la Costa del Sol<\/title>\n<meta name=\"description\" content=\"Ven a visitar la Costa del Sol y disfruta de unas vacaciones llenas de experiencias. Ideal para familias, parejas y grupos de amigos.\" \/>\n<meta name=\"robots\" content=\"index, follow, max-snippet:-1, max-image-preview:large, max-video-preview:-1\" \/>\n<link rel=\"canonical\" href=\"https:\/\/www.alfrescostays.com\/blog\/\" \/>\n<meta property=\"og:locale\" content=\"es_ES\" \/>\n<meta property=\"og:type\" content=\"article\" \/>\n<meta property=\"og:title\" content=\"Vacaciones en la Costa del Sol - El Blog de la Costa del Sol\" \/>\n<meta property=\"og:description\" content=\"Ven a visitar la Costa del Sol y disfruta de unas vacaciones llenas de experiencias. Ideal para familias, parejas y grupos de amigos.\" \/>\n<meta property=\"og:url\" content=\"https:\/\/www.alfrescostays.com\/blog\/\" \/>\n<meta property=\"og:site_name\" content=\"El Blog de la Costa del Sol\" \/>\n<meta property=\"article:modified_time\" content=\"2025-10-27T16:19:16+00:00\" \/>\n<meta property=\"og:image\" content=\"https:\/\/www.alfrescostays.com\/blog\/wp-content\/uploads\/2025\/01\/header-2.jpg\" \/>\n\t<meta property=\"og:image:width\" content=\"1920\" \/>\n\t<meta property=\"og:image:height\" content=\"700\" \/>\n\t<meta property=\"og:image:type\" content=\"image\/jpeg\" \/>\n<meta name=\"twitter:card\" content=\"summary_large_image\" \/>\n<meta name=\"twitter:label1\" content=\"Tiempo de lectura\" \/>\n\t<meta name=\"twitter:data1\" content=\"7 minutos\" \/>\n<script type=\"application\/ld+json\" class=\"yoast-schema-graph\">{\"@context\":\"https:\/\/schema.org\",\"@graph\":[{\"@type\":\"WebPage\",\"@id\":\"https:\/\/www.alfrescostays.com\/blog\/\",\"url\":\"https:\/\/www.alfrescostays.com\/blog\/\",\"name\":\"Vacaciones en la Costa del Sol - El Blog de la Costa del Sol\",\"isPartOf\":{\"@id\":\"https:\/\/www.alfrescostays.com\/blog\/#website\"},\"primaryImageOfPage\":{\"@id\":\"https:\/\/www.alfrescostays.com\/blog\/#primaryimage\"},\"image\":{\"@id\":\"https:\/\/www.alfrescostays.com\/blog\/#primaryimage\"},\"thumbnailUrl\":\"https:\/\/www.alfrescostays.com\/blog\/wp-content\/uploads\/2025\/01\/header-2.jpg\",\"datePublished\":\"2023-11-24T09:49:56+00:00\",\"dateModified\":\"2025-10-27T16:19:16+00:00\",\"description\":\"Ven a visitar la Costa del Sol y disfruta de unas vacaciones llenas de experiencias. Ideal para familias, parejas y grupos de amigos.\",\"breadcrumb\":{\"@id\":\"https:\/\/www.alfrescostays.com\/blog\/#breadcrumb\"},\"inLanguage\":\"es\",\"potentialAction\":[{\"@type\":\"ReadAction\",\"target\":[\"https:\/\/www.alfrescostays.com\/blog\/\"]}]},{\"@type\":\"ImageObject\",\"inLanguage\":\"es\",\"@id\":\"https:\/\/www.alfrescostays.com\/blog\/#primaryimage\",\"url\":\"https:\/\/www.alfrescostays.com\/blog\/wp-content\/uploads\/2025\/01\/header-2.jpg\",\"contentUrl\":\"https:\/\/www.alfrescostays.com\/blog\/wp-content\/uploads\/2025\/01\/header-2.jpg\",\"width\":1920,\"height\":700,\"caption\":\"guia turistica costa del sol\"},{\"@type\":\"BreadcrumbList\",\"@id\":\"https:\/\/www.alfrescostays.com\/blog\/#breadcrumb\",\"itemListElement\":[{\"@type\":\"ListItem\",\"position\":1,\"name\":\"Portada\",\"item\":\"https:\/\/www.alfrescostays.com\/blog\/\"},{\"@type\":\"ListItem\",\"position\":2,\"name\":\"Vacaciones en la Costa del Sol\"}]},{\"@type\":\"WebSite\",\"@id\":\"https:\/\/www.alfrescostays.com\/blog\/#website\",\"url\":\"https:\/\/www.alfrescostays.com\/blog\/\",\"name\":\"Alfresco Stays\",\"description\":\"Descubre los mejores lugares y consejos para planear tu escapada a la maravillosa Costa del Sol. \u00a1Ven a descubrir con Alfresco Stays el sur de Espa\u00f1a!\",\"publisher\":{\"@id\":\"https:\/\/www.alfrescostays.com\/blog\/#organization\"},\"potentialAction\":[{\"@type\":\"SearchAction\",\"target\":{\"@type\":\"EntryPoint\",\"urlTemplate\":\"https:\/\/www.alfrescostays.com\/blog\/?s={search_term_string}\"},\"query-input\":{\"@type\":\"PropertyValueSpecification\",\"valueRequired\":true,\"valueName\":\"search_term_string\"}}],\"inLanguage\":\"es\"},{\"@type\":\"Organization\",\"@id\":\"https:\/\/www.alfrescostays.com\/blog\/#organization\",\"name\":\"Alfresco Stays\",\"url\":\"https:\/\/www.alfrescostays.com\/blog\/\",\"logo\":{\"@type\":\"ImageObject\",\"inLanguage\":\"es\",\"@id\":\"https:\/\/www.alfrescostays.com\/blog\/#\/schema\/logo\/image\/\",\"url\":\"https:\/\/www.alfrescostays.com\/blog\/wp-content\/uploads\/2024\/04\/Favicon-2.png\",\"contentUrl\":\"https:\/\/www.alfrescostays.com\/blog\/wp-content\/uploads\/2024\/04\/Favicon-2.png\",\"width\":1080,\"height\":1080,\"caption\":\"Alfresco Stays\"},\"image\":{\"@id\":\"https:\/\/www.alfrescostays.com\/blog\/#\/schema\/logo\/image\/\"}}]}<\/script>\n<!-- \/ Yoast SEO plugin. -->","yoast_head_json":{"title":"Vacaciones en la Costa del Sol - El Blog de la Costa del Sol","description":"Ven a visitar la Costa del Sol y disfruta de unas vacaciones llenas de experiencias. Ideal para familias, parejas y grupos de amigos.","robots":{"index":"index","follow":"follow","max-snippet":"max-snippet:-1","max-image-preview":"max-image-preview:large","max-video-preview":"max-video-preview:-1"},"canonical":"https:\/\/www.alfrescostays.com\/blog\/","og_locale":"es_ES","og_type":"article","og_title":"Vacaciones en la Costa del Sol - El Blog de la Costa del Sol","og_description":"Ven a visitar la Costa del Sol y disfruta de unas vacaciones llenas de experiencias. Ideal para familias, parejas y grupos de amigos.","og_url":"https:\/\/www.alfrescostays.com\/blog\/","og_site_name":"El Blog de la Costa del Sol","article_modified_time":"2025-10-27T16:19:16+00:00","og_image":[{"width":1920,"height":700,"url":"https:\/\/www.alfrescostays.com\/blog\/wp-content\/uploads\/2025\/01\/header-2.jpg","type":"image\/jpeg"}],"twitter_card":"summary_large_image","twitter_misc":{"Tiempo de lectura":"7 minutos"},"schema":{"@context":"https:\/\/schema.org","@graph":[{"@type":"WebPage","@id":"https:\/\/www.alfrescostays.com\/blog\/","url":"https:\/\/www.alfrescostays.com\/blog\/","name":"Vacaciones en la Costa del Sol - El Blog de la Costa del Sol","isPartOf":{"@id":"https:\/\/www.alfrescostays.com\/blog\/#website"},"primaryImageOfPage":{"@id":"https:\/\/www.alfrescostays.com\/blog\/#primaryimage"},"image":{"@id":"https:\/\/www.alfrescostays.com\/blog\/#primaryimage"},"thumbnailUrl":"https:\/\/www.alfrescostays.com\/blog\/wp-content\/uploads\/2025\/01\/header-2.jpg","datePublished":"2023-11-24T09:49:56+00:00","dateModified":"2025-10-27T16:19:16+00:00","description":"Ven a visitar la Costa del Sol y disfruta de unas vacaciones llenas de experiencias. Ideal para familias, parejas y grupos de amigos.","breadcrumb":{"@id":"https:\/\/www.alfrescostays.com\/blog\/#breadcrumb"},"inLanguage":"es","potentialAction":[{"@type":"ReadAction","target":["https:\/\/www.alfrescostays.com\/blog\/"]}]},{"@type":"ImageObject","inLanguage":"es","@id":"https:\/\/www.alfrescostays.com\/blog\/#primaryimage","url":"https:\/\/www.alfrescostays.com\/blog\/wp-content\/uploads\/2025\/01\/header-2.jpg","contentUrl":"https:\/\/www.alfrescostays.com\/blog\/wp-content\/uploads\/2025\/01\/header-2.jpg","width":1920,"height":700,"caption":"guia turistica costa del sol"},{"@type":"BreadcrumbList","@id":"https:\/\/www.alfrescostays.com\/blog\/#breadcrumb","itemListElement":[{"@type":"ListItem","position":1,"name":"Portada","item":"https:\/\/www.alfrescostays.com\/blog\/"},{"@type":"ListItem","position":2,"name":"Vacaciones en la Costa del Sol"}]},{"@type":"WebSite","@id":"https:\/\/www.alfrescostays.com\/blog\/#website","url":"https:\/\/www.alfrescostays.com\/blog\/","name":"Alfresco Stays","description":"Descubre los mejores lugares y consejos para planear tu escapada a la maravillosa Costa del Sol. \u00a1Ven a descubrir con Alfresco Stays el sur de Espa\u00f1a!","publisher":{"@id":"https:\/\/www.alfrescostays.com\/blog\/#organization"},"potentialAction":[{"@type":"SearchAction","target":{"@type":"EntryPoint","urlTemplate":"https:\/\/www.alfrescostays.com\/blog\/?s={search_term_string}"},"query-input":{"@type":"PropertyValueSpecification","valueRequired":true,"valueName":"search_term_string"}}],"inLanguage":"es"},{"@type":"Organization","@id":"https:\/\/www.alfrescostays.com\/blog\/#organization","name":"Alfresco Stays","url":"https:\/\/www.alfrescostays.com\/blog\/","logo":{"@type":"ImageObject","inLanguage":"es","@id":"https:\/\/www.alfrescostays.com\/blog\/#\/schema\/logo\/image\/","url":"https:\/\/www.alfrescostays.com\/blog\/wp-content\/uploads\/2024\/04\/Favicon-2.png","contentUrl":"https:\/\/www.alfrescostays.com\/blog\/wp-content\/uploads\/2024\/04\/Favicon-2.png","width":1080,"height":1080,"caption":"Alfresco Stays"},"image":{"@id":"https:\/\/www.alfrescostays.com\/blog\/#\/schema\/logo\/image\/"}}]}},"_links":{"self":[{"href":"https:\/\/www.alfrescostays.com\/blog\/wp-json\/wp\/v2\/pages\/16","targetHints":{"allow":["GET"]}}],"collection":[{"href":"https:\/\/www.alfrescostays.com\/blog\/wp-json\/wp\/v2\/pages"}],"about":[{"href":"https:\/\/www.alfrescostays.com\/blog\/wp-json\/wp\/v2\/types\/page"}],"author":[{"embeddable":true,"href":"https:\/\/www.alfrescostays.com\/blog\/wp-json\/wp\/v2\/users\/3"}],"replies":[{"embeddable":true,"href":"https:\/\/www.alfrescostays.com\/blog\/wp-json\/wp\/v2\/comments?post=16"}],"version-history":[{"count":167,"href":"https:\/\/www.alfrescostays.com\/blog\/wp-json\/wp\/v2\/pages\/16\/revisions"}],"predecessor-version":[{"id":4246,"href":"https:\/\/www.alfrescostays.com\/blog\/wp-json\/wp\/v2\/pages\/16\/revisions\/4246"}],"wp:featuredmedia":[{"embeddable":true,"href":"https:\/\/www.alfrescostays.com\/blog\/wp-json\/wp\/v2\/media\/2634"}],"wp:attachment":[{"href":"https:\/\/www.alfrescostays.com\/blog\/wp-json\/wp\/v2\/media?parent=16"}],"curies":[{"name":"wp","href":"https:\/\/api.w.org\/{rel}","templated":true}]}}